{"id":12386,"date":"2026-02-05T10:06:45","date_gmt":"2026-02-05T09:06:45","guid":{"rendered":"https:\/\/intra-dev-2.excellis.org\/?page_id=12386"},"modified":"2026-02-12T11:18:14","modified_gmt":"2026-02-12T10:18:14","slug":"assemblee-generale","status":"publish","type":"page","link":"https:\/\/intra-dev-2.excellis.org\/?page_id=12386","title":{"rendered":"Assembl\u00e9e G\u00e9n\u00e9rale"},"content":{"rendered":"\t\t<div data-elementor-type=\"wp-page\" data-elementor-id=\"12386\" class=\"elementor elementor-12386\" data-elementor-post-type=\"page\">\n\t\t\t\t<div class=\"elementor-element elementor-element-5815955d e-flex e-con-boxed e-con e-parent\" data-id=\"5815955d\" data-element_type=\"container\" data-e-type=\"container\" data-settings=\"{&quot;background_background&quot;:&quot;classic&quot;}\">\n\t\t\t\t\t<div class=\"e-con-inner\">\n\t\t<div class=\"elementor-element elementor-element-8124597 e-con-full e-flex e-con e-child\" data-id=\"8124597\" data-element_type=\"container\" data-e-type=\"container\" data-settings=\"{&quot;background_background&quot;:&quot;classic&quot;}\">\n\t\t<div class=\"elementor-element elementor-element-332dedaf e-con-full e-flex e-con e-child\" data-id=\"332dedaf\" data-element_type=\"container\" data-e-type=\"container\">\n\t\t\t\t<div class=\"elementor-element elementor-element-b8b9d31 elementor-widget elementor-widget-ova_list_link\" data-id=\"b8b9d31\" data-element_type=\"widget\" data-e-type=\"widget\" data-widget_type=\"ova_list_link.default\">\n\t\t\t\t<div class=\"elementor-widget-container\">\n\t\t\t\t\t\t\t<div class=\"ova_list_link box-shadow\">\n\t\t\t\t\t\t<h3 class=\"title\">\n\t\t\t\tMenu\t\t\t<\/h3>\n\t\t\t\t\t\t\t\t\t<ul class=\"content\">\n\t\t\t\t\t\t\t\t\t<li class=\"item\">\n\t\t\t\t\t\t<a href=\"https:\/\/intra-dev-2.excellis.org\/?page_id=7095\">\n\t\t\t\t\t\t\tVie du Laboratoire\t\t\t\t\t\t\t\t\t\t\t\t\t\t<span class=\"icon\">\n\t\t\t\t\t\t\t\t<i data-feather=\"chevron-right\"><\/i>\n\t\t\t\t\t\t\t<\/span>\n\t\t\t\t\t\t    \t\t\t\t\t\t    \t\t\t\t\t\t\t<span class=\"icon-hover\">\n\t\t\t\t\t\t\t\t<i data-feather=\"arrow-right\"><\/i>\n\t\t\t\t\t\t\t<\/span>\n\t\t\t\t\t\t\t \t\t\t\t\t\t<\/a>\n\n\t\t\t\t\t<\/li>\n\t\t\t\t\t\t\t\t\t<li class=\"item\">\n\t\t\t\t\t\t<a href=\"https:\/\/intra-dev-2.excellis.org\/?page_id=10783\">\n\t\t\t\t\t\t\tFinances\t\t\t\t\t\t\t\t\t\t\t\t\t\t<span class=\"icon\">\n\t\t\t\t\t\t\t\t<i data-feather=\"chevron-right\"><\/i>\n\t\t\t\t\t\t\t<\/span>\n\t\t\t\t\t\t    \t\t\t\t\t\t    \t\t\t\t\t\t\t<span class=\"icon-hover\">\n\t\t\t\t\t\t\t\t<i data-feather=\"arrow-right\"><\/i>\n\t\t\t\t\t\t\t<\/span>\n\t\t\t\t\t\t\t \t\t\t\t\t\t<\/a>\n\n\t\t\t\t\t<\/li>\n\t\t\t\t\t\t\t\t\t<li class=\"item\">\n\t\t\t\t\t\t<a href=\"https:\/\/intra-dev-2.excellis.org\/?page_id=10801\">\n\t\t\t\t\t\t\tRessources Humaines\t\t\t\t\t\t\t\t\t\t\t\t\t\t<span class=\"icon\">\n\t\t\t\t\t\t\t\t<i data-feather=\"chevron-right\"><\/i>\n\t\t\t\t\t\t\t<\/span>\n\t\t\t\t\t\t    \t\t\t\t\t\t    \t\t\t\t\t\t\t<span class=\"icon-hover\">\n\t\t\t\t\t\t\t\t<i data-feather=\"arrow-right\"><\/i>\n\t\t\t\t\t\t\t<\/span>\n\t\t\t\t\t\t\t \t\t\t\t\t\t<\/a>\n\n\t\t\t\t\t<\/li>\n\t\t\t\t\t\t\t\t\t<li class=\"item\">\n\t\t\t\t\t\t<a href=\"https:\/\/intra-dev-2.excellis.org\/?page_id=10838\">\n\t\t\t\t\t\t\tCommunication\t\t\t\t\t\t\t\t\t\t\t\t\t\t<span class=\"icon\">\n\t\t\t\t\t\t\t\t<i data-feather=\"chevron-right\"><\/i>\n\t\t\t\t\t\t\t<\/span>\n\t\t\t\t\t\t    \t\t\t\t\t\t    \t\t\t\t\t\t\t<span class=\"icon-hover\">\n\t\t\t\t\t\t\t\t<i data-feather=\"arrow-right\"><\/i>\n\t\t\t\t\t\t\t<\/span>\n\t\t\t\t\t\t\t \t\t\t\t\t\t<\/a>\n\n\t\t\t\t\t<\/li>\n\t\t\t\t\t\t\t\t\t<li class=\"item\">\n\t\t\t\t\t\t<a href=\"https:\/\/intra-dev-2.excellis.org\/?page_id=10894\">\n\t\t\t\t\t\t\tServices Num\u00e9riques\t\t\t\t\t\t\t\t\t\t\t\t\t\t<span class=\"icon\">\n\t\t\t\t\t\t\t\t<i data-feather=\"chevron-right\"><\/i>\n\t\t\t\t\t\t\t<\/span>\n\t\t\t\t\t\t    \t\t\t\t\t\t    \t\t\t\t\t\t\t<span class=\"icon-hover\">\n\t\t\t\t\t\t\t\t<i data-feather=\"arrow-right\"><\/i>\n\t\t\t\t\t\t\t<\/span>\n\t\t\t\t\t\t\t \t\t\t\t\t\t<\/a>\n\n\t\t\t\t\t<\/li>\n\t\t\t\t\t\t\t\t\t<li class=\"item\">\n\t\t\t\t\t\t<a href=\"https:\/\/intra-dev-2.excellis.org\/?page_id=12595\">\n\t\t\t\t\t\t\tDocumentation Scientifique\t\t\t\t\t\t\t\t\t\t\t\t\t\t<span class=\"icon\">\n\t\t\t\t\t\t\t\t<i data-feather=\"chevron-right\"><\/i>\n\t\t\t\t\t\t\t<\/span>\n\t\t\t\t\t\t    \t\t\t\t\t\t    \t\t\t\t\t\t\t<span class=\"icon-hover\">\n\t\t\t\t\t\t\t\t<i data-feather=\"arrow-right\"><\/i>\n\t\t\t\t\t\t\t<\/span>\n\t\t\t\t\t\t\t \t\t\t\t\t\t<\/a>\n\n\t\t\t\t\t<\/li>\n\t\t\t\t\t\t\t\t\t<li class=\"item\">\n\t\t\t\t\t\t<a href=\"https:\/\/intra-dev-2.excellis.org\/?page_id=10998\">\n\t\t\t\t\t\t\tHygi\u00e8ne et S\u00e9curit\u00e9\t\t\t\t\t\t\t\t\t\t\t\t\t\t<span class=\"icon\">\n\t\t\t\t\t\t\t\t<i data-feather=\"chevron-right\"><\/i>\n\t\t\t\t\t\t\t<\/span>\n\t\t\t\t\t\t    \t\t\t\t\t\t    \t\t\t\t\t\t\t<span class=\"icon-hover\">\n\t\t\t\t\t\t\t\t<i data-feather=\"arrow-right\"><\/i>\n\t\t\t\t\t\t\t<\/span>\n\t\t\t\t\t\t\t \t\t\t\t\t\t<\/a>\n\n\t\t\t\t\t<\/li>\n\t\t\t\t\t\t\t\t\t<li class=\"item\">\n\t\t\t\t\t\t<a href=\"https:\/\/intra-dev-2.excellis.org\/?page_id=11011\">\n\t\t\t\t\t\t\tPlateformes\t\t\t\t\t\t\t\t\t\t\t\t\t\t<span class=\"icon\">\n\t\t\t\t\t\t\t\t<i data-feather=\"chevron-right\"><\/i>\n\t\t\t\t\t\t\t<\/span>\n\t\t\t\t\t\t    \t\t\t\t\t\t    \t\t\t\t\t\t\t<span class=\"icon-hover\">\n\t\t\t\t\t\t\t\t<i data-feather=\"arrow-right\"><\/i>\n\t\t\t\t\t\t\t<\/span>\n\t\t\t\t\t\t\t \t\t\t\t\t\t<\/a>\n\n\t\t\t\t\t<\/li>\n\t\t\t\t\t\t\t\t\t<li class=\"item\">\n\t\t\t\t\t\t<a href=\"https:\/\/intra-dev-2.excellis.org\/?page_id=11059\">\n\t\t\t\t\t\t\tM\u00e9diation Scientifique\t\t\t\t\t\t\t\t\t\t\t\t\t\t<span class=\"icon\">\n\t\t\t\t\t\t\t\t<i data-feather=\"chevron-right\"><\/i>\n\t\t\t\t\t\t\t<\/span>\n\t\t\t\t\t\t    \t\t\t\t\t\t    \t\t\t\t\t\t\t<span class=\"icon-hover\">\n\t\t\t\t\t\t\t\t<i data-feather=\"arrow-right\"><\/i>\n\t\t\t\t\t\t\t<\/span>\n\t\t\t\t\t\t\t \t\t\t\t\t\t<\/a>\n\n\t\t\t\t\t<\/li>\n\t\t\t\t\t\t\t\t\t<li class=\"item\">\n\t\t\t\t\t\t<a href=\"https:\/\/intra-dev-2.excellis.org\/?page_id=10952\">\n\t\t\t\t\t\t\tEurope\t\t\t\t\t\t\t\t\t\t\t\t\t\t<span class=\"icon\">\n\t\t\t\t\t\t\t\t<i data-feather=\"chevron-right\"><\/i>\n\t\t\t\t\t\t\t<\/span>\n\t\t\t\t\t\t    \t\t\t\t\t\t    \t\t\t\t\t\t\t<span class=\"icon-hover\">\n\t\t\t\t\t\t\t\t<i data-feather=\"arrow-right\"><\/i>\n\t\t\t\t\t\t\t<\/span>\n\t\t\t\t\t\t\t \t\t\t\t\t\t<\/a>\n\n\t\t\t\t\t<\/li>\n\t\t\t\t\t\t\t\t\t<li class=\"item\">\n\t\t\t\t\t\t<a href=\"https:\/\/intra-dev-2.excellis.org\/?page_id=12330\">\n\t\t\t\t\t\t\tEspace Nouvelle Direction\t\t\t\t\t\t\t\t\t\t\t\t\t\t<span class=\"icon\">\n\t\t\t\t\t\t\t\t<i data-feather=\"chevron-right\"><\/i>\n\t\t\t\t\t\t\t<\/span>\n\t\t\t\t\t\t    \t\t\t\t\t\t    \t\t\t\t\t\t\t<span class=\"icon-hover\">\n\t\t\t\t\t\t\t\t<i data-feather=\"arrow-right\"><\/i>\n\t\t\t\t\t\t\t<\/span>\n\t\t\t\t\t\t\t \t\t\t\t\t\t<\/a>\n\n\t\t\t\t\t<\/li>\n\t\t\t\t\t\t\t<\/ul>\n\t\t\t\t\t<\/div>\n\t\t\t\t\t\t<\/div>\n\t\t\t\t<\/div>\n\t\t\t\t<\/div>\n\t\t<div class=\"elementor-element elementor-element-1c72e40b e-con-full e-flex e-con e-child\" data-id=\"1c72e40b\" data-element_type=\"container\" data-e-type=\"container\">\n\t\t\t\t<div class=\"elementor-element elementor-element-d662248 elementor-widget elementor-widget-ova_heading\" data-id=\"d662248\" data-element_type=\"widget\" data-e-type=\"widget\" data-widget_type=\"ova_heading.default\">\n\t\t\t\t<div class=\"elementor-widget-container\">\n\t\t\t\t\t\t\t<div class=\"ova-heading\">\n\t\t\t\n\t\t\t\t\t\t\t<h1 class=\"title second_font\">Pr\u00e9sentation du Directeur<\/h1>\n\t\t\t\n\t\t\t\t\t\t\t<p class=\"sub-title \">Nos diff\u00e9rents Directeurs selon les mandats<\/p>\n\t\t\t\n\t\t<\/div>\n\t\t\t\t\t\t<\/div>\n\t\t\t\t<\/div>\n\t\t\t\t<div class=\"elementor-element elementor-element-63c7325 elementor-widget elementor-widget-text-editor\" data-id=\"63c7325\" data-element_type=\"widget\" data-e-type=\"widget\" data-widget_type=\"text-editor.default\">\n\t\t\t\t\t\t\t\t\t<p><strong>Nicolas MARCHAND \u00e0 l&rsquo;AG d&rsquo;Octobre 2021 :<\/strong> <a href=\"https:\/\/intra-dev-2.excellis.org\/wp-content\/uploads\/2026\/02\/2021_slides_AG_12_10_2021_v9.pdf\">T\u00e9l\u00e9charger la contribution<\/a><\/p><p><strong>J\u00e9r\u00f4me MARS \u00e0 l&rsquo;AG de Septembre 2017 :<\/strong> <a href=\"https:\/\/intra-dev-2.excellis.org\/wp-content\/uploads\/2026\/02\/17_09_14_AG_presentation.pdf\">T\u00e9l\u00e9charger la contribution<\/a><\/p><p><strong>J\u00e9r\u00f4me Mars \u00e0 l&rsquo;AG de Mai 2016 :<\/strong> <a href=\"https:\/\/intra-dev-2.excellis.org\/wp-content\/uploads\/2026\/02\/AG_GIPSA_LAB_MAI_2016_V1.pdf\">T\u00e9l\u00e9charger la contribution<\/a><\/p><p><strong>Jean-Marc Thiriet \u00e0 l&rsquo;AG de Juillet 2014 :\u00a0<\/strong><a href=\"https:\/\/intra-dev-2.excellis.org\/wp-content\/uploads\/2026\/02\/AG-juillet_2014.pdf\">T\u00e9l\u00e9charger la contribution<\/a><\/p><p><strong>Jean-Marc Thiriet \u00e0 l&rsquo;AG de D\u00e9cembre 2014 :<\/strong> <a href=\"https:\/\/intra-dev-2.excellis.org\/wp-content\/uploads\/2026\/02\/AG_5_decembre_2014.pdf\">T\u00e9l\u00e9charger la contribution<\/a><\/p>\t\t\t\t\t\t\t\t<\/div>\n\t\t\t\t<div class=\"elementor-element elementor-element-3521783 elementor-widget elementor-widget-heading\" data-id=\"3521783\" data-element_type=\"widget\" data-e-type=\"widget\" data-widget_type=\"heading.default\">\n\t\t\t\t\t<h2 class=\"elementor-heading-title elementor-size-default\">Contribution de Gipsa-lab aux Assises de l'Enseignement Sup\u00e9rieur et de la Recherche - Octobre 2012<\/h2>\t\t\t\t<\/div>\n\t\t\t\t<div class=\"elementor-element elementor-element-2871b9d elementor-widget elementor-widget-text-editor\" data-id=\"2871b9d\" data-element_type=\"widget\" data-e-type=\"widget\" data-widget_type=\"text-editor.default\">\n\t\t\t\t\t\t\t\t\t<p><a href=\"https:\/\/intra-dev-2.excellis.org\/wp-content\/uploads\/2026\/02\/contributionAssisesESR_GIPSAlab_grenoble.pdf\">T\u00e9l\u00e9charger la contribution<\/a><\/p>\t\t\t\t\t\t\t\t<\/div>\n\t\t\t\t<div class=\"elementor-element elementor-element-c2c620d elementor-widget elementor-widget-heading\" data-id=\"c2c620d\" data-element_type=\"widget\" data-e-type=\"widget\" data-widget_type=\"heading.default\">\n\t\t\t\t\t<h2 class=\"elementor-heading-title elementor-size-default\">D\u00e9claration du GIPSA-lab concernant la Section 07 du CNRS et la Communaut\u00e9 SIAR<\/h2>\t\t\t\t<\/div>\n\t\t\t\t<div class=\"elementor-element elementor-element-dab53ca elementor-widget elementor-widget-text-editor\" data-id=\"dab53ca\" data-element_type=\"widget\" data-e-type=\"widget\" data-widget_type=\"text-editor.default\">\n\t\t\t\t\t\t\t\t\t<p>Le 30 avril 2011, Jean-Marc Thiriet \u00e0 envoy\u00e9 le message ci-dessous \u00e0 Alain Fuchs, Pr\u00e9sident du CNRS, Jo\u00ebl Bertrand, Directeur G\u00e9n\u00e9ral D\u00e9l\u00e9gu\u00e9 \u00e0 la science, Pierre Guillon, Directeur Scientifique de l&rsquo;INSIS, Philippe Baptiste, Directeur Scientifique de l&rsquo;INS2I, Jean-Marc Chassery, Directeur-Adjoint Scientifique SIAR \u00e0 l&rsquo;INSIS<\/p>\t\t\t\t\t\t\t\t<\/div>\n\t\t\t\t<div class=\"elementor-element elementor-element-21ee3dd elementor-widget elementor-widget-testimonial\" data-id=\"21ee3dd\" data-element_type=\"widget\" data-e-type=\"widget\" data-widget_type=\"testimonial.default\">\n\t\t\t\t\t\t\t<div class=\"elementor-testimonial-wrapper\">\n\t\t\t\t\t\t\t<div class=\"elementor-testimonial-content\">Tr\u00e8s chers coll\u00e8gues, <br><br>\n\nApr\u00e8s r\u00e9flexion en Directoire du Laboratoire, nous avons souhait\u00e9 vous transmettre le message suivant :<br><br>\nGIPSA-Lab est un Laboratoire pluridisciplinaire (INSIS, INS2I, INSHS), organis\u00e9 en trois D\u00e9partements (Automatique, Images et Signal, Parole et Cognition) regroupant 12 \u00e9quipes. Notre Laboratoire comprend 36 Chercheurs CNRS, ces chercheurs sont dans les sections suivantes : 30 en section 07, 1 en section 09, 5 en section 34.<br><br>\nTous les Chercheurs de GIPSA-Lab appartenant \u00e0 la section 07 font partie de la Communaut\u00e9 SIAR.<br><br>\nGIPSA-Lab appuie fortement la demande faite, au niveau national, de la mise en place d\u2019une section sp\u00e9cifique, distincte de la section 07, pour la communaut\u00e9 SIAR.<br><br>\nLa mise en place d\u2019une section sp\u00e9cifique CNRS pour la communaut\u00e9 SIAR nous semble devoir permettre d\u2019une part de prendre en compte les effectifs importants de la section et d\u2019autre part de recruter et de promouvoir les chercheurs de la communaut\u00e9 SIAR de mani\u00e8re plus efficace, gr\u00e2ce \u00e0 une meilleure ad\u00e9quation th\u00e9matique entre les \u00e9valu\u00e9s et les \u00e9valuateurs.<br><br>\nJe vous souhaite bonne r\u00e9ception de ce message et vous prie de recevoir mes plus cordiales salutations,<\/div>\n\t\t\t\n\t\t\t\t\t\t<div class=\"elementor-testimonial-meta\">\n\t\t\t\t<div class=\"elementor-testimonial-meta-inner\">\n\t\t\t\t\t\n\t\t\t\t\t\t\t\t\t\t<div class=\"elementor-testimonial-details\">\n\t\t\t\t\t\t\t\t\t\t\t\t\t\t<div class=\"elementor-testimonial-name\">J.M. THIRIET<\/div>\n\t\t\t\t\t\t\t\t\t\t\t\t\t\t\t\t\t\t\t\t\t\t<div class=\"elementor-testimonial-job\">Directeur du Laboratoire GIPSA-lab - 2011<\/div>\n\t\t\t\t\t\t\t\t\t\t\t\t\t<\/div>\n\t\t\t\t\t\t\t\t\t<\/div>\n\t\t\t<\/div>\n\t\t\t\t\t<\/div>\n\t\t\t\t\t\t<\/div>\n\t\t\t\t<div class=\"elementor-element elementor-element-95f5ce0 elementor-widget elementor-widget-heading\" data-id=\"95f5ce0\" data-element_type=\"widget\" data-e-type=\"widget\" data-widget_type=\"heading.default\">\n\t\t\t\t\t<h2 class=\"elementor-heading-title elementor-size-default\">AG du 09-01-2009 : Consultation du C3N\n<\/h2>\t\t\t\t<\/div>\n\t\t\t\t<div class=\"elementor-element elementor-element-2c17507 elementor-widget elementor-widget-text-editor\" data-id=\"2c17507\" data-element_type=\"widget\" data-e-type=\"widget\" data-widget_type=\"text-editor.default\">\n\t\t\t\t\t\t\t\t\t<p><a href=\"https:\/\/intra-dev-2.excellis.org\/wp-content\/uploads\/2026\/02\/Motion-AG-9-01-2009-GIPSA.pdf\">Motion<\/a> r\u00e9dig\u00e9e et vot\u00e9e en Assembl\u00e9e G\u00e9n\u00e9rale des Personnels du Gipsa-Lab le 9 janvier 2009.<\/p><p><span style=\"color: #ff0000;\">Consulter le site du C3N (liste des votes des laboratoires concernant cette consultation).<\/span><br \/><span style=\"color: #ff0000;\">Vote doodle concernant cette motion : cliquer ici<\/span><\/p>\t\t\t\t\t\t\t\t<\/div>\n\t\t\t\t<div class=\"elementor-element elementor-element-06f2499 elementor-widget elementor-widget-heading\" data-id=\"06f2499\" data-element_type=\"widget\" data-e-type=\"widget\" data-widget_type=\"heading.default\">\n\t\t\t\t\t<h2 class=\"elementor-heading-title elementor-size-default\">AG du 17-06-2008 : Le point sur les r\u00e9formes de la Recherche\n<\/h2>\t\t\t\t<\/div>\n\t\t\t\t<div class=\"elementor-element elementor-element-dbca5d9 elementor-widget elementor-widget-text-editor\" data-id=\"dbca5d9\" data-element_type=\"widget\" data-e-type=\"widget\" data-widget_type=\"text-editor.default\">\n\t\t\t\t\t\t\t\t\t<p>50 personnes \u00e9taient pr\u00e9sentes<\/p><p>Suite :<\/p><ul><li>\u00c0 la <a href=\"https:\/\/intranet.gipsa-lab.grenoble-inp.fr\/sites\/default\/files\/documents\/lettreMission_Ministre.pdf\">lettre de mission\u00a0de V. P\u00e9cresse<\/a>\u00a0\u00e0 C. Br\u00e9chignac pour une r\u00e9forme du CNRS visant \u00e0 la simplification, la visibilit\u00e9 internationale, la relation avec les universit\u00e9s et avec les autres organismes de recherche. Aboutir \u00e0 une meilleure visibilit\u00e9, des PRES, des Instituts.<\/li><li>\u00a0Au\u00a0<a href=\"https:\/\/intranet.gipsa-lab.grenoble-inp.fr\/sites\/default\/files\/documents\/message_PDTE_DG.pdf\">message de la direction du CNRS<\/a>\u00a0envers les unit\u00e9s sollicitant des \u00ab\u00a0id\u00e9es\u00a0\u00bb pour aller dans le sens de la lettre de mission de VP.<\/li><li>\u00a0Au\u00a0<a href=\"https:\/\/intranet.gipsa-lab.grenoble-inp.fr\/sites\/default\/files\/documents\/rapport_d_Aubert.pdf\">Rapport d\u2019Aubert<\/a>\u00a0intitul\u00e9 \u00ab\u00a0Vers un partenariat renouvel\u00e9 entre organismes de recherche, universit\u00e9s et grandes \u00e9coles\u00a0\u00bb<\/li><li>Au\u00a0<a href=\"https:\/\/intranet.gipsa-lab.grenoble-inp.fr\/sites\/default\/files\/documents\/Instituts_nationaux.pdf\">document de pr\u00e9sentation<\/a>\u00a0des instituts CNRS<\/li><li>\u00c0 la\u00a0<a href=\"https:\/\/intranet.gipsa-lab.grenoble-inp.fr\/sites\/default\/files\/documents\/presentation_PG_au_DU_le_10.06.2008.pptx\">r\u00e9union des directeurs de laboratoires ST2I<\/a>\u00a0autour de A. Migus et P. Guillon pour soutenir la volont\u00e9 de voir appara\u00eetre au sein du CNRS un Institut ST2I.<\/li><\/ul><p>Les personnels de GIPSA- lab r\u00e9unis en AG, et sur la base de la pr\u00e9sentation de Jean-Marc Chassery, ont d\u00e9cid\u00e9 de la motion suivante :<\/p><p>Les personnels du laboratoire GIPSA rappellent l&rsquo;importance de maintenir \u00e0 un niveau d&rsquo;excellence la recherche sur tout le spectre des connaissances. Leurs projets scientifiques sont construits en permanence sur des relations disciplinaires et interdisciplinaires articulant STIC et SHS, et en partenariat avec SDV, SDU, EDD, MIPPU. Dans la p\u00e9riode de r\u00e9formes en cours, ils ne peuvent que souligner le caract\u00e8re vital pour eux de l&rsquo;existence d&rsquo;un organisme g\u00e9n\u00e9raliste comme le CNRS, dans lequel toutes ces disciplines sans exception se retrouvent, soutenues et coordonn\u00e9es. La sortie de secteurs sous forme d&rsquo;instituts autonomes hors CNRS remettrait fondamentalement en cause la recherche partenariale men\u00e9e au sein des UMRs.<\/p><p>Cette motion a fait l&rsquo;objet d&rsquo;un sondage (via doodle) aupr\u00e8s de tout le personnel du laboratoire. Les 129 personnes qui y ont r\u00e9pondu ont approuv\u00e9 cette motion.<\/p>\t\t\t\t\t\t\t\t<\/div>\n\t\t\t\t<div class=\"elementor-element elementor-element-2512a6c elementor-widget elementor-widget-heading\" data-id=\"2512a6c\" data-element_type=\"widget\" data-e-type=\"widget\" data-widget_type=\"heading.default\">\n\t\t\t\t\t<h2 class=\"elementor-heading-title elementor-size-default\">AG du 19-10-2007:  le point sur les \u00e9volutions de la recherche, nationalement et localement\n<\/h2>\t\t\t\t<\/div>\n\t\t\t\t<div class=\"elementor-element elementor-element-4e81639 elementor-widget elementor-widget-text-editor\" data-id=\"4e81639\" data-element_type=\"widget\" data-e-type=\"widget\" data-widget_type=\"text-editor.default\">\n\t\t\t\t\t\t\t\t\t<p>Dans le contexte du courrier de Yves Langevin (voir ci-dessous), une AG extraordinaire s&rsquo;est d\u00e9roul\u00e9e le vendredi 19 octobre de 8h30 \u00e0 9h30 en salle de r\u00e9union DIS-GIPSA-lab au campus, sur le th\u00e8me : le point sur les \u00e9volutions de la recherche, nationalement et localement.<\/p><p><u>L&rsquo;objectif \u00e9tait de discuter de motions possibles sur :<\/u><\/p><p>(1) l&rsquo;importance de maintenir nationalement un outil de recherche fort, bien articul\u00e9 entre fondamental et appliqu\u00e9, \u00e9valu\u00e9 dans des proc\u00e9dures transparentes et conservant le plus possible le regard de membres \u00e9lus par les communaut\u00e9s scientifiques et professionnelles, et ne bradant pas, dans le souci louable de renforcer les universit\u00e9s, l&rsquo;outil essentiel que repr\u00e9sente le CNRS, et<\/p><p>(2) l&rsquo;importance de maintenir localement des structures et des proc\u00e9dures ouvertes, transparentes, contr\u00f4l\u00e9es, pour tout ce qui touche au recrutement (quid des CSE ?), \u00e0 l&rsquo;\u00e9valuation, aux avancements professionnels, aux dotations en moyens et en allocations, et \u00e0 la perspective importante de la cr\u00e9ation de l&rsquo;universit\u00e9 de Grenoble.<\/p><p>Un\u00a0texte de motion\u00a0a \u00e9t\u00e9 \u00e9tabli, vot\u00e9 \u00e0 l&rsquo;unanimit\u00e9 des pr\u00e9sents et transmis \u00e0 l&rsquo;ensemble du laboratoire pour approbation ou d\u00e9sapprobation.<\/p><p><u>Ce texte sera diffus\u00e9 mercredi aux destinataires suivants :<\/u><\/p>\t\t\t\t\t\t\t\t<\/div>\n\t\t\t\t<div class=\"elementor-element elementor-element-3010ab8 elementor-widget elementor-widget-ova_list_checked\" data-id=\"3010ab8\" data-element_type=\"widget\" data-e-type=\"widget\" data-widget_type=\"ova_list_checked.default\">\n\t\t\t\t<div class=\"elementor-widget-container\">\n\t\t\t\t\t\t\t\n\t\t<div class=\"ova_list_checked\" >\n\t\t\t\t\t\t\t<ul>\n\t\t\t\t\t\t\t\t\t<li class=\"item\">\n\t\t\t\t\t\t<i data-feather=\"check-circle\"><\/i>\n\t\t\t\t\t\t<span>Directeurs de Labos INP et plus largement grenoblois<\/span>\n\t\t\t\t\t<\/li>\n\t\t\t\t\t\t\t\t\t<li class=\"item\">\n\t\t\t\t\t\t<i data-feather=\"check-circle\"><\/i>\n\t\t\t\t\t\t<span>Directeurs de Labos de la 07 et de la 34<\/span>\n\t\t\t\t\t<\/li>\n\t\t\t\t\t\t\t\t\t<li class=\"item\">\n\t\t\t\t\t\t<i data-feather=\"check-circle\"><\/i>\n\t\t\t\t\t\t<span>Pr\u00e9sidents et VP recherche des 4 universit\u00e9s grenobloises<\/span>\n\t\t\t\t\t<\/li>\n\t\t\t\t\t\t\t\t\t<li class=\"item\">\n\t\t\t\t\t\t<i data-feather=\"check-circle\"><\/i>\n\t\t\t\t\t\t<span>Candidats aux \u00e9lections INP : Jacquet et Mass\u00e9<\/span>\n\t\t\t\t\t<\/li>\n\t\t\t\t\t\t\t\t\t<li class=\"item\">\n\t\t\t\t\t\t<i data-feather=\"check-circle\"><\/i>\n\t\t\t\t\t\t<span>Pr\u00e9sidents des CSE 61 et 27<\/span>\n\t\t\t\t\t<\/li>\n\t\t\t\t\t\t\t\t\t<li class=\"item\">\n\t\t\t\t\t\t<i data-feather=\"check-circle\"><\/i>\n\t\t\t\t\t\t<span>Responsables de l&#039;ANR<\/span>\n\t\t\t\t\t<\/li>\n\t\t\t\t\t\t\t\t\t<li class=\"item\">\n\t\t\t\t\t\t<i data-feather=\"check-circle\"><\/i>\n\t\t\t\t\t\t<span>Responsables de l&#039;AERES, dont Dugard<\/span>\n\t\t\t\t\t<\/li>\n\t\t\t\t\t\t\t\t\t<li class=\"item\">\n\t\t\t\t\t\t<i data-feather=\"check-circle\"><\/i>\n\t\t\t\t\t\t<span>Pr\u00e9sidents de Section du Comit\u00e9 National (via Langevin, pr\u00e9sident de la Conf\u00e9rence des Pr\u00e9sidents de Section ?)<\/span>\n\t\t\t\t\t<\/li>\n\t\t\t\t\t\t\t\t\t<li class=\"item\">\n\t\t\t\t\t\t<i data-feather=\"check-circle\"><\/i>\n\t\t\t\t\t\t<span>DSA CNRS de Gipsa : Donzeau-Gouge, Gauthier, Kail ?<\/span>\n\t\t\t\t\t<\/li>\n\t\t\t\t\t\t\t\t\t<li class=\"item\">\n\t\t\t\t\t\t<i data-feather=\"check-circle\"><\/i>\n\t\t\t\t\t\t<span>DGRI<\/span>\n\t\t\t\t\t<\/li>\n\t\t\t\t\t\t\t\t<\/ul>\n\t\t\t\n\t\t<\/div>\n\n\t\t\t\t\t\t<\/div>\n\t\t\t\t<\/div>\n\t\t\t\t<div class=\"elementor-element elementor-element-5679924 elementor-widget elementor-widget-text-editor\" data-id=\"5679924\" data-element_type=\"widget\" data-e-type=\"widget\" data-widget_type=\"text-editor.default\">\n\t\t\t\t\t\t\t\t\t<p><a href=\"https:\/\/intra-dev-2.excellis.org\/wp-content\/uploads\/2026\/02\/Lettre_bureau_CPCN_071010-1.pdf\">Lettre du pr\u00e9sident de la conf\u00e9rence des Pr\u00e9sidents du Comit\u00e9 National D\u00e9claration de la Pr\u00e9sidente et du Directeur G\u00e9n\u00e9ral du CNRS au Conseil d&rsquo;Administration du CNRS du 18 octobre 2007<\/a><\/p>\t\t\t\t\t\t\t\t<\/div>\n\t\t\t\t<\/div>\n\t\t\t\t<\/div>\n\t\t\t\t\t<\/div>\n\t\t\t\t<\/div>\n\t\t\t\t<\/div>\n\t\t","protected":false},"excerpt":{"rendered":"<p>Menu Vie du Laboratoire Finances Ressources Humaines Communication Services Num\u00e9riques Documentation Scientifique Hygi\u00e8ne et S\u00e9curit\u00e9 Plateformes M\u00e9diation Scientifique Europe Espace Nouvelle Direction Pr\u00e9sentation du Directeur Nos diff\u00e9rents Directeurs selon les mandats Nicolas MARCHAND \u00e0 l&rsquo;AG d&rsquo;Octobre 2021 : T\u00e9l\u00e9charger la contribution J\u00e9r\u00f4me MARS \u00e0 l&rsquo;AG de Septembre 2017 : T\u00e9l\u00e9charger la contribution J\u00e9r\u00f4me Mars \u00e0 [&hellip;]<\/p>\n","protected":false},"author":2,"featured_media":0,"parent":7095,"menu_order":5,"comment_status":"closed","ping_status":"closed","template":"","meta":{"rs_blank_template":"","rs_page_bg_color":"","slide_template_v7":"","footnotes":""},"class_list":["post-12386","page","type-page","status-publish","hentry"],"lang":"fr","translations":{"fr":12386},"pll_sync_post":[],"_links":{"self":[{"href":"https:\/\/intra-dev-2.excellis.org\/index.php?rest_route=\/wp\/v2\/pages\/12386","targetHints":{"allow":["GET"]}}],"collection":[{"href":"https:\/\/intra-dev-2.excellis.org\/index.php?rest_route=\/wp\/v2\/pages"}],"about":[{"href":"https:\/\/intra-dev-2.excellis.org\/index.php?rest_route=\/wp\/v2\/types\/page"}],"author":[{"embeddable":true,"href":"https:\/\/intra-dev-2.excellis.org\/index.php?rest_route=\/wp\/v2\/users\/2"}],"replies":[{"embeddable":true,"href":"https:\/\/intra-dev-2.excellis.org\/index.php?rest_route=%2Fwp%2Fv2%2Fcomments&post=12386"}],"version-history":[{"count":55,"href":"https:\/\/intra-dev-2.excellis.org\/index.php?rest_route=\/wp\/v2\/pages\/12386\/revisions"}],"predecessor-version":[{"id":13232,"href":"https:\/\/intra-dev-2.excellis.org\/index.php?rest_route=\/wp\/v2\/pages\/12386\/revisions\/13232"}],"up":[{"embeddable":true,"href":"https:\/\/intra-dev-2.excellis.org\/index.php?rest_route=\/wp\/v2\/pages\/7095"}],"wp:attachment":[{"href":"https:\/\/intra-dev-2.excellis.org\/index.php?rest_route=%2Fwp%2Fv2%2Fmedia&parent=12386"}],"curies":[{"name":"wp","href":"https:\/\/api.w.org\/{rel}","templated":true}]}}