{"id":12425,"date":"2026-02-05T11:09:12","date_gmt":"2026-02-05T10:09:12","guid":{"rendered":"https:\/\/intra-dev-2.excellis.org\/?page_id=12425"},"modified":"2026-02-05T11:09:12","modified_gmt":"2026-02-05T10:09:12","slug":"qui-fait-quoi","status":"publish","type":"page","link":"https:\/\/intra-dev-2.excellis.org\/?page_id=12425","title":{"rendered":"Qui fait quoi ?"},"content":{"rendered":"\t\t<div data-elementor-type=\"wp-page\" data-elementor-id=\"12425\" class=\"elementor elementor-12425\" data-elementor-post-type=\"page\">\n\t\t\t\t<div class=\"elementor-element elementor-element-5815955d e-flex e-con-boxed e-con e-parent\" data-id=\"5815955d\" data-element_type=\"container\" data-e-type=\"container\">\n\t\t\t\t\t<div class=\"e-con-inner\">\n\t\t<div class=\"elementor-element elementor-element-8124597 e-con-full e-flex e-con e-child\" data-id=\"8124597\" data-element_type=\"container\" data-e-type=\"container\" data-settings=\"{&quot;background_background&quot;:&quot;classic&quot;}\">\n\t\t<div class=\"elementor-element elementor-element-332dedaf e-con-full e-flex e-con e-child\" data-id=\"332dedaf\" data-element_type=\"container\" data-e-type=\"container\">\n\t\t\t\t<div class=\"elementor-element elementor-element-2ad2ec1 elementor-widget elementor-widget-ova_list_link\" data-id=\"2ad2ec1\" data-element_type=\"widget\" data-e-type=\"widget\" data-widget_type=\"ova_list_link.default\">\n\t\t\t\t<div class=\"elementor-widget-container\">\n\t\t\t\t\t\t\t<div class=\"ova_list_link box-shadow\">\n\t\t\t\t\t\t<h3 class=\"title\">\n\t\t\t\tMenu\t\t\t<\/h3>\n\t\t\t\t\t\t\t\t\t<ul class=\"content\">\n\t\t\t\t\t\t\t\t\t<li class=\"item\">\n\t\t\t\t\t\t<a href=\"https:\/\/intra-dev-2.excellis.org\/?page_id=7095&#038;preview_id=7095\">\n\t\t\t\t\t\t\tVie du Laboratoire\t\t\t\t\t\t\t\t\t\t\t\t\t\t<span class=\"icon\">\n\t\t\t\t\t\t\t\t<i data-feather=\"chevron-right\"><\/i>\n\t\t\t\t\t\t\t<\/span>\n\t\t\t\t\t\t    \t\t\t\t\t\t    \t\t\t\t\t\t\t<span class=\"icon-hover\">\n\t\t\t\t\t\t\t\t<i data-feather=\"arrow-right\"><\/i>\n\t\t\t\t\t\t\t<\/span>\n\t\t\t\t\t\t\t \t\t\t\t\t\t<\/a>\n\n\t\t\t\t\t<\/li>\n\t\t\t\t\t\t\t\t\t<li class=\"item\">\n\t\t\t\t\t\t<a href=\"https:\/\/intra-dev-2.excellis.org\/?page_id=7095\">\n\t\t\t\t\t\t\tFinances\t\t\t\t\t\t\t\t\t\t\t\t\t\t<span class=\"icon\">\n\t\t\t\t\t\t\t\t<i data-feather=\"chevron-right\"><\/i>\n\t\t\t\t\t\t\t<\/span>\n\t\t\t\t\t\t    \t\t\t\t\t\t    \t\t\t\t\t\t\t<span class=\"icon-hover\">\n\t\t\t\t\t\t\t\t<i data-feather=\"arrow-right\"><\/i>\n\t\t\t\t\t\t\t<\/span>\n\t\t\t\t\t\t\t \t\t\t\t\t\t<\/a>\n\n\t\t\t\t\t<\/li>\n\t\t\t\t\t\t\t\t\t<li class=\"item\">\n\t\t\t\t\t\t<a href=\"https:\/\/intra-dev-2.excellis.org\/?page_id=10801\">\n\t\t\t\t\t\t\tRessources Humaines\t\t\t\t\t\t\t\t\t\t\t\t\t\t<span class=\"icon\">\n\t\t\t\t\t\t\t\t<i data-feather=\"chevron-right\"><\/i>\n\t\t\t\t\t\t\t<\/span>\n\t\t\t\t\t\t    \t\t\t\t\t\t    \t\t\t\t\t\t\t<span class=\"icon-hover\">\n\t\t\t\t\t\t\t\t<i data-feather=\"arrow-right\"><\/i>\n\t\t\t\t\t\t\t<\/span>\n\t\t\t\t\t\t\t \t\t\t\t\t\t<\/a>\n\n\t\t\t\t\t<\/li>\n\t\t\t\t\t\t\t\t\t<li class=\"item\">\n\t\t\t\t\t\t<a href=\"#\">\n\t\t\t\t\t\t\tCommunication\t\t\t\t\t\t\t\t\t\t\t\t\t\t<span class=\"icon\">\n\t\t\t\t\t\t\t\t<i data-feather=\"chevron-right\"><\/i>\n\t\t\t\t\t\t\t<\/span>\n\t\t\t\t\t\t    \t\t\t\t\t\t    \t\t\t\t\t\t\t<span class=\"icon-hover\">\n\t\t\t\t\t\t\t\t<i data-feather=\"arrow-right\"><\/i>\n\t\t\t\t\t\t\t<\/span>\n\t\t\t\t\t\t\t \t\t\t\t\t\t<\/a>\n\n\t\t\t\t\t<\/li>\n\t\t\t\t\t\t\t\t\t<li class=\"item\">\n\t\t\t\t\t\t<a href=\"#\">\n\t\t\t\t\t\t\tServices Num\u00e9riques\t\t\t\t\t\t\t\t\t\t\t\t\t\t<span class=\"icon\">\n\t\t\t\t\t\t\t\t<i data-feather=\"chevron-right\"><\/i>\n\t\t\t\t\t\t\t<\/span>\n\t\t\t\t\t\t    \t\t\t\t\t\t    \t\t\t\t\t\t\t<span class=\"icon-hover\">\n\t\t\t\t\t\t\t\t<i data-feather=\"arrow-right\"><\/i>\n\t\t\t\t\t\t\t<\/span>\n\t\t\t\t\t\t\t \t\t\t\t\t\t<\/a>\n\n\t\t\t\t\t<\/li>\n\t\t\t\t\t\t\t\t\t<li class=\"item\">\n\t\t\t\t\t\t<a href=\"https:\/\/intra-dev-2.excellis.org\/?page_id=10952\">\n\t\t\t\t\t\t\tDocumentation Scientifique\t\t\t\t\t\t\t\t\t\t\t\t\t\t<span class=\"icon\">\n\t\t\t\t\t\t\t\t<i data-feather=\"chevron-right\"><\/i>\n\t\t\t\t\t\t\t<\/span>\n\t\t\t\t\t\t    \t\t\t\t\t\t    \t\t\t\t\t\t\t<span class=\"icon-hover\">\n\t\t\t\t\t\t\t\t<i data-feather=\"arrow-right\"><\/i>\n\t\t\t\t\t\t\t<\/span>\n\t\t\t\t\t\t\t \t\t\t\t\t\t<\/a>\n\n\t\t\t\t\t<\/li>\n\t\t\t\t\t\t\t\t\t<li class=\"item\">\n\t\t\t\t\t\t<a href=\"https:\/\/intra-dev-2.excellis.org\/?page_id=10998\">\n\t\t\t\t\t\t\tHygi\u00e8ne et S\u00e9curit\u00e9\t\t\t\t\t\t\t\t\t\t\t\t\t\t<span class=\"icon\">\n\t\t\t\t\t\t\t\t<i data-feather=\"chevron-right\"><\/i>\n\t\t\t\t\t\t\t<\/span>\n\t\t\t\t\t\t    \t\t\t\t\t\t    \t\t\t\t\t\t\t<span class=\"icon-hover\">\n\t\t\t\t\t\t\t\t<i data-feather=\"arrow-right\"><\/i>\n\t\t\t\t\t\t\t<\/span>\n\t\t\t\t\t\t\t \t\t\t\t\t\t<\/a>\n\n\t\t\t\t\t<\/li>\n\t\t\t\t\t\t\t\t\t<li class=\"item\">\n\t\t\t\t\t\t<a href=\"https:\/\/intra-dev-2.excellis.org\/?page_id=11011\">\n\t\t\t\t\t\t\tPlateformes\t\t\t\t\t\t\t\t\t\t\t\t\t\t<span class=\"icon\">\n\t\t\t\t\t\t\t\t<i data-feather=\"chevron-right\"><\/i>\n\t\t\t\t\t\t\t<\/span>\n\t\t\t\t\t\t    \t\t\t\t\t\t    \t\t\t\t\t\t\t<span class=\"icon-hover\">\n\t\t\t\t\t\t\t\t<i data-feather=\"arrow-right\"><\/i>\n\t\t\t\t\t\t\t<\/span>\n\t\t\t\t\t\t\t \t\t\t\t\t\t<\/a>\n\n\t\t\t\t\t<\/li>\n\t\t\t\t\t\t\t\t\t<li class=\"item\">\n\t\t\t\t\t\t<a href=\"https:\/\/intra-dev-2.excellis.org\/?page_id=11059\">\n\t\t\t\t\t\t\tM\u00e9diation Scientifique\t\t\t\t\t\t\t\t\t\t\t\t\t\t<span class=\"icon\">\n\t\t\t\t\t\t\t\t<i data-feather=\"chevron-right\"><\/i>\n\t\t\t\t\t\t\t<\/span>\n\t\t\t\t\t\t    \t\t\t\t\t\t    \t\t\t\t\t\t\t<span class=\"icon-hover\">\n\t\t\t\t\t\t\t\t<i data-feather=\"arrow-right\"><\/i>\n\t\t\t\t\t\t\t<\/span>\n\t\t\t\t\t\t\t \t\t\t\t\t\t<\/a>\n\n\t\t\t\t\t<\/li>\n\t\t\t\t\t\t\t\t\t<li class=\"item\">\n\t\t\t\t\t\t<a href=\"#\">\n\t\t\t\t\t\t\tEurope\t\t\t\t\t\t\t\t\t\t\t\t\t\t<span class=\"icon\">\n\t\t\t\t\t\t\t\t<i data-feather=\"chevron-right\"><\/i>\n\t\t\t\t\t\t\t<\/span>\n\t\t\t\t\t\t    \t\t\t\t\t\t    \t\t\t\t\t\t\t<span class=\"icon-hover\">\n\t\t\t\t\t\t\t\t<i data-feather=\"arrow-right\"><\/i>\n\t\t\t\t\t\t\t<\/span>\n\t\t\t\t\t\t\t \t\t\t\t\t\t<\/a>\n\n\t\t\t\t\t<\/li>\n\t\t\t\t\t\t\t\t\t<li class=\"item\">\n\t\t\t\t\t\t<a href=\"#\">\n\t\t\t\t\t\t\tEspace Nouvelle Direction\t\t\t\t\t\t\t\t\t\t\t\t\t\t<span class=\"icon\">\n\t\t\t\t\t\t\t\t<i data-feather=\"chevron-right\"><\/i>\n\t\t\t\t\t\t\t<\/span>\n\t\t\t\t\t\t    \t\t\t\t\t\t    \t\t\t\t\t\t\t<span class=\"icon-hover\">\n\t\t\t\t\t\t\t\t<i data-feather=\"arrow-right\"><\/i>\n\t\t\t\t\t\t\t<\/span>\n\t\t\t\t\t\t\t \t\t\t\t\t\t<\/a>\n\n\t\t\t\t\t<\/li>\n\t\t\t\t\t\t\t<\/ul>\n\t\t\t\t\t<\/div>\n\t\t\t\t\t\t<\/div>\n\t\t\t\t<\/div>\n\t\t\t\t<\/div>\n\t\t<div class=\"elementor-element elementor-element-1c72e40b e-con-full e-flex e-con e-child\" data-id=\"1c72e40b\" data-element_type=\"container\" data-e-type=\"container\">\n\t\t\t\t<div class=\"elementor-element elementor-element-d662248 elementor-widget elementor-widget-ova_heading\" data-id=\"d662248\" data-element_type=\"widget\" data-e-type=\"widget\" data-widget_type=\"ova_heading.default\">\n\t\t\t\t<div class=\"elementor-widget-container\">\n\t\t\t\t\t\t\t<div class=\"ova-heading\">\n\t\t\t\n\t\t\t\t\t\t\t<h1 class=\"title second_font\">Commission Ecologipsa-lab\n<\/h1>\n\t\t\t\n\t\t\t\t\t\t\t<p class=\"sub-title \">Sous-titre \u00e0 d\u00e9finir<\/p>\n\t\t\t\n\t\t<\/div>\n\t\t\t\t\t\t<\/div>\n\t\t\t\t<\/div>\n\t\t\t\t<div class=\"elementor-element elementor-element-63c7325 elementor-widget elementor-widget-text-editor\" data-id=\"63c7325\" data-element_type=\"widget\" data-e-type=\"widget\" data-widget_type=\"text-editor.default\">\n\t\t\t\t\t\t\t\t\t<p>L\u2019objectif de cette commission est de mieux comprendre l\u2019impact environnemental des activit\u00e9s professionnelles et des travaux de recherche du laboratoire et de mettre en \u0153uvre des actions concr\u00e8tes pour r\u00e9pondre \u00e0 l\u2019urgence climatique. Nous travaillons en lien avec la direction du laboratoire, nos tutelles et les collectifs et associations de m\u00eame nature au niveau local et national.<\/p>\t\t\t\t\t\t\t\t<\/div>\n\t\t\t\t<div class=\"elementor-element elementor-element-07df964 elementor-widget elementor-widget-heading\" data-id=\"07df964\" data-element_type=\"widget\" data-e-type=\"widget\" data-widget_type=\"heading.default\">\n\t\t\t\t\t<h2 class=\"elementor-heading-title elementor-size-default\">Bilan de Gaz \u00e0 Effet de Serre du laboratoire\n<\/h2>\t\t\t\t<\/div>\n\t\t\t\t<div class=\"elementor-element elementor-element-c018ca0 elementor-widget elementor-widget-text-editor\" data-id=\"c018ca0\" data-element_type=\"widget\" data-e-type=\"widget\" data-widget_type=\"text-editor.default\">\n\t\t\t\t\t\t\t\t\t<p>Qu\u2019est-ce que c\u2019est ?\u00a0Le Bilan de Gaz \u00e0 effet de serre (BGES) d\u2019un laboratoire comptabilise la quantit\u00e9 de CO2 \u00e9mis par ses activit\u00e9s sur une ann\u00e9e.<\/p><p>Pourquoi ?\u00a0 Le BGES permet de quantifier l&rsquo;impact environnemental de l\u2019activit\u00e9 du laboratoire et ainsi de fixer des objectifs r\u00e9alistes et cibl\u00e9s pour r\u00e9duire nos \u00e9missions de CO2.<br \/>Cela permet \u00e9galement \u00e0 long terme de faire un suivi des progr\u00e8s r\u00e9alis\u00e9s.<br \/>Cette initiative est encourag\u00e9e par le CNRS et la Conf\u00e9rence des Pr\u00e9sidence d&rsquo;Universit\u00e9.<\/p><p>Comment ?\u00a0Pour le r\u00e9aliser, nous nous basons sur des informations r\u00e9cup\u00e9r\u00e9es aupr\u00e8s de Grenoble INP pour la consommation des b\u00e2timents, sur les informations concernant les missions de chacun et enfin sur vos r\u00e9ponses au sondage concernant les d\u00e9placements domicile-travail. Une fois ces donn\u00e9es recueillies le calculateur GES1.5 du GDR Labo1.5 effectue le calcul des \u00e9missions eqCO2 engendr\u00e9es.<\/p><p>Ces informations sont \u00e0 renouveler chaque ann\u00e9e. Le lien pour remplir le sondage pour les d\u00e9placements domicile-travail 2020\u00a0 [\u00e0 venir]<br \/>Merci pour votre aide !<\/p>\t\t\t\t\t\t\t\t<\/div>\n\t\t\t\t<div class=\"elementor-element elementor-element-e0317c5 elementor-widget elementor-widget-heading\" data-id=\"e0317c5\" data-element_type=\"widget\" data-e-type=\"widget\" data-widget_type=\"heading.default\">\n\t\t\t\t\t<h2 class=\"elementor-heading-title elementor-size-default\">Charte \u00e9cologique du laboratoire<\/h2>\t\t\t\t<\/div>\n\t\t\t\t<div class=\"elementor-element elementor-element-c159251 elementor-widget elementor-widget-heading\" data-id=\"c159251\" data-element_type=\"widget\" data-e-type=\"widget\" data-widget_type=\"heading.default\">\n\t\t\t\t\t<h3 class=\"elementor-heading-title elementor-size-default\">Historique<\/h3>\t\t\t\t<\/div>\n\t\t\t\t<div class=\"elementor-element elementor-element-2ffb10b elementor-widget elementor-widget-text-editor\" data-id=\"2ffb10b\" data-element_type=\"widget\" data-e-type=\"widget\" data-widget_type=\"text-editor.default\">\n\t\t\t\t\t\t\t\t\t<p>Au mois de mars 2021, une quinzaine de volontaires du laboratoire se sont r\u00e9unis pour \u00e9laborer une charte \u00e9cologique visant \u00e0 r\u00e9duire les \u00e9missions de gaz \u00e0 effet de serre des pratiques de la recherche. Cette d\u00e9marche a \u00e9t\u00e9 encourag\u00e9e par le CNRS et la Conf\u00e9rence des Pr\u00e9sidence d&rsquo;Universit\u00e9.<\/p><p>6 r\u00e9unions th\u00e9matiques ont \u00e9t\u00e9 organis\u00e9es dans le but de produire un travail structur\u00e9. Ces r\u00e9unions ont abouti \u00e0 une premi\u00e8re version de la charte qui a \u00e9t\u00e9 soumise \u00e0 la direction pour une relecture en juillet 2021. Elle a ensuite \u00e9t\u00e9 diffus\u00e9e au sein des \u00e9quipes de recherche pour obtenir les \u00e9ventuels remarques\/retours de tous les membres du laboratoire. A l&rsquo;issue de cette \u00e9tape, la charte a alors \u00e9t\u00e9 pr\u00e9sent\u00e9e en CDL pour discussions, avant d&rsquo;\u00eatre approuv\u00e9e au mois de septembre 2022. La charte n&rsquo;est pas coercitive. Il s\u2019agit d\u2019un contrat moral, elle a pour objectif d\u2019\u00eatre un outil p\u00e9dagogique de transition.<\/p>\t\t\t\t\t\t\t\t<\/div>\n\t\t\t\t<div class=\"elementor-element elementor-element-ca41df6 elementor-widget elementor-widget-heading\" data-id=\"ca41df6\" data-element_type=\"widget\" data-e-type=\"widget\" data-widget_type=\"heading.default\">\n\t\t\t\t\t<h3 class=\"elementor-heading-title elementor-size-default\">O\u00f9 en est-on dans le processus ?<\/h3>\t\t\t\t<\/div>\n\t\t\t\t<div class=\"elementor-element elementor-element-795908b elementor-widget elementor-widget-ova_list_checked\" data-id=\"795908b\" data-element_type=\"widget\" data-e-type=\"widget\" data-widget_type=\"ova_list_checked.default\">\n\t\t\t\t<div class=\"elementor-widget-container\">\n\t\t\t\t\t\t\t\n\t\t<div class=\"ova_list_checked\" >\n\t\t\t\t\t\t\t<ul>\n\t\t\t\t\t\t\t\t\t<li class=\"item\">\n\t\t\t\t\t\t<i data-feather=\"check-circle\"><\/i>\n\t\t\t\t\t\t<span>Pr\u00e9paration des r\u00e9unions th\u00e9matiques - ok<\/span>\n\t\t\t\t\t<\/li>\n\t\t\t\t\t\t\t\t\t<li class=\"item\">\n\t\t\t\t\t\t<i data-feather=\"check-circle\"><\/i>\n\t\t\t\t\t\t<span>R\u00e9unions th\u00e9matiques et \u00e9criture de la premi\u00e8re version de la charte - ok<\/span>\n\t\t\t\t\t<\/li>\n\t\t\t\t\t\t\t\t\t<li class=\"item\">\n\t\t\t\t\t\t<i data-feather=\"check-circle\"><\/i>\n\t\t\t\t\t\t<span>Soumission de la premi\u00e8re version \u00e0 la direction pour modifications \u00e9ventuelles : deuxi\u00e8me version de la charte - ok<\/span>\n\t\t\t\t\t<\/li>\n\t\t\t\t\t\t\t\t\t<li class=\"item\">\n\t\t\t\t\t\t<i data-feather=\"check-circle\"><\/i>\n\t\t\t\t\t\t<span>Diffusion au sein des \u00e9quipes pour obtenir les retours des coll\u00e8gues pour modifications \u00e9ventuelles : troisi\u00e8me version  de la charte \u2013 ok<\/span>\n\t\t\t\t\t<\/li>\n\t\t\t\t\t\t\t\t\t<li class=\"item\">\n\t\t\t\t\t\t<i data-feather=\"check-circle\"><\/i>\n\t\t\t\t\t\t<span>Soumission de la version finale au vote en CDL - ok<\/span>\n\t\t\t\t\t<\/li>\n\t\t\t\t\t\t\t\t<\/ul>\n\t\t\t\n\t\t<\/div>\n\n\t\t\t\t\t\t<\/div>\n\t\t\t\t<\/div>\n\t\t\t\t<div class=\"elementor-element elementor-element-dab53ca elementor-widget elementor-widget-text-editor\" data-id=\"dab53ca\" data-element_type=\"widget\" data-e-type=\"widget\" data-widget_type=\"text-editor.default\">\n\t\t\t\t\t\t\t\t\t<p>Vous trouverez la charte approuv\u00e9e\u00a0 au CDL \u00e0 l&rsquo;endroit suivant Accueil \/ Espace documentaire \/ Vie du laboratoire \/ Textes r\u00e9glementaires \/ Charte \u00e9cologique<\/p>\t\t\t\t\t\t\t\t<\/div>\n\t\t\t\t<div class=\"elementor-element elementor-element-95f5ce0 elementor-widget elementor-widget-heading\" data-id=\"95f5ce0\" data-element_type=\"widget\" data-e-type=\"widget\" data-widget_type=\"heading.default\">\n\t\t\t\t\t<h2 class=\"elementor-heading-title elementor-size-default\">Se d\u00e9placer \u00e0 v\u00e9lo<\/h2>\t\t\t\t<\/div>\n\t\t\t\t<div class=\"elementor-element elementor-element-2c17507 elementor-widget elementor-widget-text-editor\" data-id=\"2c17507\" data-element_type=\"widget\" data-e-type=\"widget\" data-widget_type=\"text-editor.default\">\n\t\t\t\t\t\t\t\t\t<p><u>Aides financi\u00e8res :<\/u> Un forfait mobilit\u00e9s durables a \u00e9t\u00e9 mis en place en 2020 par le CNRS, en 2021 par Grenoble INP et par l&rsquo;UGA.\u00a0Il s&rsquo;agit d&rsquo;une aide de 200\u20ac pour les personnes faisant les trajets domicile-travail \u00e0 v\u00e9lo ou en covoiturage au moins 100 jours\/an. Les versements seront per\u00e7us au d\u00e9but de l&rsquo;ann\u00e9e suivante, soit en 2022 au titre de l\u2019ann\u00e9e 2021.<\/p><p>Attention, cette aide n&rsquo;est pas cumulable avec la prise en charge des frais d\u2019abonnement de transport public ou de service public de location de v\u00e9lo.<\/p>\t\t\t\t\t\t\t\t<\/div>\n\t\t\t\t<div class=\"elementor-element elementor-element-06f2499 elementor-widget elementor-widget-heading\" data-id=\"06f2499\" data-element_type=\"widget\" data-e-type=\"widget\" data-widget_type=\"heading.default\">\n\t\t\t\t\t<h3 class=\"elementor-heading-title elementor-size-default\">Les d\u00e9marches<\/h3>\t\t\t\t<\/div>\n\t\t\t\t<div class=\"elementor-element elementor-element-dbca5d9 elementor-widget elementor-widget-text-editor\" data-id=\"dbca5d9\" data-element_type=\"widget\" data-e-type=\"widget\" data-widget_type=\"text-editor.default\">\n\t\t\t\t\t\t\t\t\t<p><span style=\"text-decoration: underline;\"><strong>CNRS :<\/strong><\/span>\u00a0Dans Ariane, section Mes demandes &gt; Cr\u00e9er une demande &gt; Paie &gt; Demande de versement du forfait \u00ab\u00a0mobilit\u00e9s durables\u00a0\u00bb &gt; Cocher la d\u00e9claration sur l&rsquo;honneur et envoyer la demande.<\/p><p><span style=\"text-decoration: underline;\"><strong>Grenoble INP :<\/strong><\/span> T\u00e9l\u00e9charger le formulaire <a href=\"https:\/\/intranet.grenoble-inp.fr\/personnels\/vie-et-action-sociale\/forfait-mobilite-durable-fmd?ksession=35b8e80f-92e6-4175-a3fd-5038032fa108\"><strong>ici\u00a0<\/strong><\/a>puis le\u00a0remettre le document orignal au service Ressources Humaines (Gipsa-lab, B\u00e2t. Amp\u00e8re, 3e \u00e9tage, bureau B347).<\/p><p><span style=\"text-decoration: underline;\"><strong>Important :<\/strong><\/span> N&rsquo;oubliez pas de remplir la d\u00e9claration sur l\u2019honneur justifiant l\u2019utilisation de l\u2019un des moyens de transports pr\u00e9vus par le d\u00e9cret<br \/>UGA\u00a0: le forfait sera disponible r\u00e9troactivement pour cette ann\u00e9e, les demandes seront \u00e0 faire d\u00e9but 2022 suite au mail envoy\u00e9 directement par l\u2019UG. Des informations sont disponibles\u00a0<a class=\"ext\" title=\"(s'ouvre dans une nouvelle fen\u00eatre)\" href=\"https:\/\/intranet.univ-grenoble-alpes.fr\/ressources-humaines\/environnement-social-qualite-de-vie-au-travail\/prestations-sociales-et-loisirs\/le-deploiement-du-forfait-mobilites-durables-fmd-a-l-uga-789476.kjsp?RH=1534865026123&amp;ksession=8815ab5f-92b0-4f06-a77c-8a923795add9&amp;ksession=f2177252-a575-4208-bb7c-a05ab48ed77f\" target=\"_blank\" rel=\"noopener noreferrer\" data-extlink=\"\"><strong>ici<\/strong><\/a><br \/><br \/><u>Atelier de r\u00e9paration v\u00e9lo\u00a0:<\/u>\u00a0Un atelier est d\u00e9sormais ouvert entre 12h et 13h30 en B230 (plateforme LIM). Que ce soit pour gonfler ses pneus, changer sa cha\u00eene ou son p\u00e9dalier, r\u00e9gler ses freins ou tout autre type d\u2019op\u00e9rations courantes, l\u2019atelier est l\u00e0 pour vous ! Il vous suffit de venir r\u00e9cup\u00e9rer un badge dans la matin\u00e9e pour pouvoir y acc\u00e9der, soit au bureau B235 soit directement sur la plateforme. ATTENTION : Les consommables ne sont pas fournis (graisse, c\u00e2bles, etc).<\/p><p>Il est bien \u00e9videmment possible de passer \u00e0 tout moment \u00e0 la plateforme (\u00e0 condition qu&rsquo;elle soit ouverte) avec son v\u00e9lo pour gonfler ses pneus ou en cas d&rsquo;urgence (en cas de crevaison par exemple).<br \/>R\u00e8gles d\u2019utilisation de l\u2019atelier de r\u00e9paration v\u00e9lo :<\/p><ol><li>Les outils ne sont pas empruntables, les travaux doivent \u00eatre effectu\u00e9s sur la plateforme<\/li><li>Tout doit \u00eatre rang\u00e9 et remis \u00e0 sa place,<\/li><li>Tout doit \u00eatre dans le m\u00eame \u00e9tat de propret\u00e9 qu&rsquo;en arrivant, que ce soit le mat\u00e9riel ou le lieu<\/li><li>La plateforme n&rsquo;est pas un espace de stockage, aucun mat\u00e9riel ne doit rester sur place.<\/li><\/ol><p>En cas de non respect des r\u00e8gles ci-dessus, vous n&rsquo;aurez plus acc\u00e8s \u00e0 l&rsquo;atelier de r\u00e9paration v\u00e9lo.<br \/><br \/><u>Formation entretien des v\u00e9los\u00a0:<\/u>\u00a0Ecologipsa va organiser des formations sur l&rsquo;entretien et la r\u00e9paration des v\u00e9los au second semestre. Surveillez vos mails !<\/p><p><u>Local \u00e0 v\u00e9lo s\u00e9curis\u00e9\u00a0:<\/u>\u00a0La mise \u00e0 disposition d\u2019un local \u00e0 v\u00e9lo s\u00e9curis\u00e9 est soutenue par l\u2019administration. La demande est actuellement en attente aupr\u00e8s de Grenoble INP.<\/p>\t\t\t\t\t\t\t\t<\/div>\n\t\t\t\t<div class=\"elementor-element elementor-element-2512a6c elementor-widget elementor-widget-heading\" data-id=\"2512a6c\" data-element_type=\"widget\" data-e-type=\"widget\" data-widget_type=\"heading.default\">\n\t\t\t\t\t<h2 class=\"elementor-heading-title elementor-size-default\">Projet en Cours<\/h2>\t\t\t\t<\/div>\n\t\t\t\t<div class=\"elementor-element elementor-element-99a44e6 elementor-widget elementor-widget-ova_list_checked\" data-id=\"99a44e6\" data-element_type=\"widget\" data-e-type=\"widget\" data-widget_type=\"ova_list_checked.default\">\n\t\t\t\t<div class=\"elementor-widget-container\">\n\t\t\t\t\t\t\t\n\t\t<div class=\"ova_list_checked\" >\n\t\t\t\t\t\t\t<ul>\n\t\t\t\t\t\t\t\t\t<li class=\"item\">\n\t\t\t\t\t\t<i data-feather=\"check-circle\"><\/i>\n\t\t\t\t\t\t<span>R\u00e9daction et mise en place d&#039;une charte au laboratoire<\/span>\n\t\t\t\t\t<\/li>\n\t\t\t\t\t\t\t\t\t<li class=\"item\">\n\t\t\t\t\t\t<i data-feather=\"check-circle\"><\/i>\n\t\t\t\t\t\t<span>Cr\u00e9ation d\u2019un espace de discussions autour des th\u00e8mes de la recherche et de la transition \u00e9cologique, et d\u2019expression des \u00e9motions li\u00e9es aux incertitudes concernant le futur.<\/span>\n\t\t\t\t\t<\/li>\n\t\t\t\t\t\t\t\t\t<li class=\"item\">\n\t\t\t\t\t\t<i data-feather=\"check-circle\"><\/i>\n\t\t\t\t\t\t<span>Sensibilisation, information et discussion sur l\u2019\u00e9cologie (affiches, s\u00e9minaires, ateliers, newsletters \u2026) T\u00e9l\u00e9chargement de l&#039;affiche sur la comparaison entre le train et l\u2019avion.<\/span>\n\t\t\t\t\t<\/li>\n\t\t\t\t\t\t\t\t\t<li class=\"item\">\n\t\t\t\t\t\t<i data-feather=\"check-circle\"><\/i>\n\t\t\t\t\t\t<span>R\u00e9duire l\u2019empreinte carbone des fournitures de bureau et plus largement des achats du laboratoire<\/span>\n\t\t\t\t\t<\/li>\n\t\t\t\t\t\t\t\t\t<li class=\"item\">\n\t\t\t\t\t\t<i data-feather=\"check-circle\"><\/i>\n\t\t\t\t\t\t<span>Mise en place du tri s\u00e9lectif pour les d\u00e9chets<\/span>\n\t\t\t\t\t<\/li>\n\t\t\t\t\t\t\t\t\t<li class=\"item\">\n\t\t\t\t\t\t<i data-feather=\"check-circle\"><\/i>\n\t\t\t\t\t\t<span>\u2026 et plein d\u2019autres projets dans les tiroirs !<\/span>\n\t\t\t\t\t<\/li>\n\t\t\t\t\t\t\t\t<\/ul>\n\t\t\t\n\t\t<\/div>\n\n\t\t\t\t\t\t<\/div>\n\t\t\t\t<\/div>\n\t\t\t\t<\/div>\n\t\t\t\t<\/div>\n\t\t\t\t\t<\/div>\n\t\t\t\t<\/div>\n\t\t\t\t<\/div>\n\t\t","protected":false},"excerpt":{"rendered":"<p>Menu Vie du Laboratoire Finances Ressources Humaines Communication Services Num\u00e9riques Documentation Scientifique Hygi\u00e8ne et S\u00e9curit\u00e9 Plateformes M\u00e9diation Scientifique Europe Espace Nouvelle Direction Commission Ecologipsa-lab Sous-titre \u00e0 d\u00e9finir L\u2019objectif de cette commission est de mieux comprendre l\u2019impact environnemental des activit\u00e9s professionnelles et des travaux de recherche du laboratoire et de mettre en \u0153uvre des actions concr\u00e8tes [&hellip;]<\/p>\n","protected":false},"author":2,"featured_media":0,"parent":10801,"menu_order":2,"comment_status":"closed","ping_status":"closed","template":"","meta":{"rs_blank_template":"","rs_page_bg_color":"","slide_template_v7":"","footnotes":""},"class_list":["post-12425","page","type-page","status-publish","hentry"],"lang":"fr","translations":{"fr":12425},"pll_sync_post":[],"_links":{"self":[{"href":"https:\/\/intra-dev-2.excellis.org\/index.php?rest_route=\/wp\/v2\/pages\/12425","targetHints":{"allow":["GET"]}}],"collection":[{"href":"https:\/\/intra-dev-2.excellis.org\/index.php?rest_route=\/wp\/v2\/pages"}],"about":[{"href":"https:\/\/intra-dev-2.excellis.org\/index.php?rest_route=\/wp\/v2\/types\/page"}],"author":[{"embeddable":true,"href":"https:\/\/intra-dev-2.excellis.org\/index.php?rest_route=\/wp\/v2\/users\/2"}],"replies":[{"embeddable":true,"href":"https:\/\/intra-dev-2.excellis.org\/index.php?rest_route=%2Fwp%2Fv2%2Fcomments&post=12425"}],"version-history":[{"count":1,"href":"https:\/\/intra-dev-2.excellis.org\/index.php?rest_route=\/wp\/v2\/pages\/12425\/revisions"}],"predecessor-version":[{"id":12426,"href":"https:\/\/intra-dev-2.excellis.org\/index.php?rest_route=\/wp\/v2\/pages\/12425\/revisions\/12426"}],"up":[{"embeddable":true,"href":"https:\/\/intra-dev-2.excellis.org\/index.php?rest_route=\/wp\/v2\/pages\/10801"}],"wp:attachment":[{"href":"https:\/\/intra-dev-2.excellis.org\/index.php?rest_route=%2Fwp%2Fv2%2Fmedia&parent=12425"}],"curies":[{"name":"wp","href":"https:\/\/api.w.org\/{rel}","templated":true}]}}