{"id":14037,"date":"2026-02-28T19:24:15","date_gmt":"2026-02-28T18:24:15","guid":{"rendered":"https:\/\/intra-dev-2.excellis.org\/?page_id=14037"},"modified":"2026-02-28T20:02:26","modified_gmt":"2026-02-28T19:02:26","slug":"comite-egalite-parite","status":"publish","type":"page","link":"https:\/\/intra-dev-2.excellis.org\/?page_id=14037","title":{"rendered":"Comit\u00e9 \u00e9galit\u00e9-parit\u00e9"},"content":{"rendered":"\t\t<div data-elementor-type=\"wp-page\" data-elementor-id=\"14037\" class=\"elementor elementor-14037\" data-elementor-post-type=\"page\">\n\t\t\t\t<div class=\"elementor-element elementor-element-cbd54e9 e-flex e-con-boxed e-con e-parent\" data-id=\"cbd54e9\" data-element_type=\"container\" data-e-type=\"container\" data-settings=\"{&quot;background_background&quot;:&quot;classic&quot;}\">\n\t\t\t\t\t<div class=\"e-con-inner\">\n\t\t<div class=\"elementor-element elementor-element-a26ec7f e-con-full e-flex e-con e-child\" data-id=\"a26ec7f\" data-element_type=\"container\" data-e-type=\"container\" data-settings=\"{&quot;background_background&quot;:&quot;classic&quot;}\">\n\t\t<div class=\"elementor-element elementor-element-6461d6a e-con-full e-flex e-con e-child\" data-id=\"6461d6a\" data-element_type=\"container\" data-e-type=\"container\">\n\t\t\t\t<div class=\"elementor-element elementor-element-b9d1ebc elementor-widget elementor-widget-heading\" data-id=\"b9d1ebc\" data-element_type=\"widget\" data-e-type=\"widget\" data-widget_type=\"heading.default\">\n\t\t\t\t\t<h2 class=\"elementor-heading-title elementor-size-default\">Charg\u00e9 de mission parit\u00e9<\/h2>\t\t\t\t<\/div>\n\t\t\t\t<div class=\"elementor-element elementor-element-e85f04c elementor-widget elementor-widget-image\" data-id=\"e85f04c\" data-element_type=\"widget\" data-e-type=\"widget\" data-widget_type=\"image.default\">\n\t\t\t\t\t\t\t\t\t\t\t\t\t\t\t<img fetchpriority=\"high\" decoding=\"async\" width=\"420\" height=\"420\" src=\"https:\/\/intra-dev-2.excellis.org\/wp-content\/uploads\/2025\/12\/Identite-non-diffusee-femme-v2.png\" class=\"attachment-large size-large wp-image-7232\" alt=\"\" srcset=\"https:\/\/intra-dev-2.excellis.org\/wp-content\/uploads\/2025\/12\/Identite-non-diffusee-femme-v2.png 420w, https:\/\/intra-dev-2.excellis.org\/wp-content\/uploads\/2025\/12\/Identite-non-diffusee-femme-v2-300x300.png 300w, https:\/\/intra-dev-2.excellis.org\/wp-content\/uploads\/2025\/12\/Identite-non-diffusee-femme-v2-150x150.png 150w\" sizes=\"(max-width: 420px) 100vw, 420px\" \/>\t\t\t\t\t\t\t\t\t\t\t\t\t\t\t<\/div>\n\t\t\t\t<div class=\"elementor-element elementor-element-f50b9f3 elementor-widget elementor-widget-heading\" data-id=\"f50b9f3\" data-element_type=\"widget\" data-e-type=\"widget\" data-widget_type=\"heading.default\">\n\t\t\t\t\t<h3 class=\"elementor-heading-title elementor-size-default\">Ronald PHLYPO<\/h3>\t\t\t\t<\/div>\n\t\t<div class=\"elementor-element elementor-element-9af074c e-con-full e-flex e-con e-child\" data-id=\"9af074c\" data-element_type=\"container\" data-e-type=\"container\" data-settings=\"{&quot;background_background&quot;:&quot;classic&quot;}\">\n\t\t\t\t<div class=\"elementor-element elementor-element-4860b48 elementor-widget elementor-widget-heading\" data-id=\"4860b48\" data-element_type=\"widget\" data-e-type=\"widget\" data-widget_type=\"heading.default\">\n\t\t\t\t\t<h2 class=\"elementor-heading-title elementor-size-default\">Contact(s)<\/h2>\t\t\t\t<\/div>\n\t\t\t\t<div class=\"elementor-element elementor-element-a950240 elementor-widget elementor-widget-heading\" data-id=\"a950240\" data-element_type=\"widget\" data-e-type=\"widget\" data-widget_type=\"heading.default\">\n\t\t\t\t\t<h4 class=\"elementor-heading-title elementor-size-default\">R. PHLYPO<\/h4>\t\t\t\t<\/div>\n\t\t\t\t<div class=\"elementor-element elementor-element-fdf3501 elementor-align-center elementor-widget elementor-widget-button\" data-id=\"fdf3501\" data-element_type=\"widget\" data-e-type=\"widget\" data-widget_type=\"button.default\">\n\t\t\t\t\t\t\t\t\t\t<a class=\"elementor-button elementor-button-link elementor-size-sm\" href=\"mailto:ronald.phlypo@gipsa-lab.grenoble-inp.fr\">\n\t\t\t\t\t\t<span class=\"elementor-button-content-wrapper\">\n\t\t\t\t\t\t<span class=\"elementor-button-icon\">\n\t\t\t\t<svg aria-hidden=\"true\" class=\"e-font-icon-svg e-fas-mail-bulk\" viewBox=\"0 0 576 512\" xmlns=\"http:\/\/www.w3.org\/2000\/svg\"><path d=\"M160 448c-25.6 0-51.2-22.4-64-32-64-44.8-83.2-60.8-96-70.4V480c0 17.67 14.33 32 32 32h256c17.67 0 32-14.33 32-32V345.6c-12.8 9.6-32 25.6-96 70.4-12.8 9.6-38.4 32-64 32zm128-192H32c-17.67 0-32 14.33-32 32v16c25.6 19.2 22.4 19.2 115.2 86.4 9.6 6.4 28.8 25.6 44.8 25.6s35.2-19.2 44.8-22.4c92.8-67.2 89.6-67.2 115.2-86.4V288c0-17.67-14.33-32-32-32zm256-96H224c-17.67 0-32 14.33-32 32v32h96c33.21 0 60.59 25.42 63.71 57.82l.29-.22V416h192c17.67 0 32-14.33 32-32V192c0-17.67-14.33-32-32-32zm-32 128h-64v-64h64v64zm-352-96c0-35.29 28.71-64 64-64h224V32c0-17.67-14.33-32-32-32H96C78.33 0 64 14.33 64 32v192h96v-32z\"><\/path><\/svg>\t\t\t<\/span>\n\t\t\t\t\t\t\t\t\t<span class=\"elementor-button-text\">Contacter par courriel<\/span>\n\t\t\t\t\t<\/span>\n\t\t\t\t\t<\/a>\n\t\t\t\t\t\t\t\t<\/div>\n\t\t\t\t<\/div>\n\t\t\t\t<\/div>\n\t\t<div class=\"elementor-element elementor-element-b572c7c e-con-full e-flex e-con e-child\" data-id=\"b572c7c\" data-element_type=\"container\" data-e-type=\"container\">\n\t\t<div class=\"elementor-element elementor-element-8ece245 e-con-full e-flex e-con e-child\" data-id=\"8ece245\" data-element_type=\"container\" data-e-type=\"container\">\n\t\t<div class=\"elementor-element elementor-element-f711917 e-con-full e-flex e-con e-child\" data-id=\"f711917\" data-element_type=\"container\" data-e-type=\"container\">\n\t\t\t\t<div class=\"elementor-element elementor-element-67a0b75 elementor-widget elementor-widget-menu-anchor\" data-id=\"67a0b75\" data-element_type=\"widget\" data-e-type=\"widget\" data-widget_type=\"menu-anchor.default\">\n\t\t\t\t\t\t\t<div class=\"elementor-menu-anchor\" id=\"CEP\"><\/div>\n\t\t\t\t\t\t<\/div>\n\t\t\t\t<div class=\"elementor-element elementor-element-a5be974 elementor-widget elementor-widget-ova_heading\" data-id=\"a5be974\" data-element_type=\"widget\" data-e-type=\"widget\" data-widget_type=\"ova_heading.default\">\n\t\t\t\t<div class=\"elementor-widget-container\">\n\t\t\t\t\t\t\t<div class=\"ova-heading\">\n\t\t\t\n\t\t\t\t\t\t\t<h3 class=\"title second_font\">Comit\u00e9 \u00c9galit\u00e9-Parit\u00e9\n<\/h3>\n\t\t\t\n\t\t\t\n\t\t<\/div>\n\t\t\t\t\t\t<\/div>\n\t\t\t\t<\/div>\n\t\t\t\t<div class=\"elementor-element elementor-element-49674c9 elementor-drop-cap-yes elementor-drop-cap-view-default elementor-widget elementor-widget-text-editor\" data-id=\"49674c9\" data-element_type=\"widget\" data-e-type=\"widget\" data-settings=\"{&quot;drop_cap&quot;:&quot;yes&quot;}\" data-widget_type=\"text-editor.default\">\n\t\t\t\t\t\t\t\t\t<p>Mis en place au sein du laboratoire GIPSA-Lab depuis avril 2021, le Comit\u00e9 Egalit\u00e9-Parit\u00e9 a un r\u00f4le de sensibilisation, de pr\u00e9vention et de protection contre\u00a0<strong>tous types de discrimination<\/strong>\u00a0: sexisme, racisme, handicap, religieuse, hi\u00e9rarchique, etc.\u00a0<\/p>\t\t\t\t\t\t\t\t<\/div>\n\t\t\t\t<\/div>\n\t\t<div class=\"elementor-element elementor-element-4669f0c e-con-full e-flex e-con e-child\" data-id=\"4669f0c\" data-element_type=\"container\" data-e-type=\"container\">\n\t\t\t\t<div class=\"elementor-element elementor-element-acdc591 elementor-widget elementor-widget-image\" data-id=\"acdc591\" data-element_type=\"widget\" data-e-type=\"widget\" data-widget_type=\"image.default\">\n\t\t\t\t\t\t\t\t\t\t\t\t<figure class=\"wp-caption\">\n\t\t\t\t\t\t\t\t\t\t<img decoding=\"async\" width=\"600\" height=\"400\" src=\"https:\/\/intra-dev-2.excellis.org\/wp-content\/uploads\/2025\/12\/parite-egalite-fonction-publique.png\" class=\"attachment-large size-large wp-image-7476\" alt=\"\" srcset=\"https:\/\/intra-dev-2.excellis.org\/wp-content\/uploads\/2025\/12\/parite-egalite-fonction-publique.png 600w, https:\/\/intra-dev-2.excellis.org\/wp-content\/uploads\/2025\/12\/parite-egalite-fonction-publique-300x200.png 300w, https:\/\/intra-dev-2.excellis.org\/wp-content\/uploads\/2025\/12\/parite-egalite-fonction-publique-560x373.png 560w\" sizes=\"(max-width: 600px) 100vw, 600px\" \/>\t\t\t\t\t\t\t\t\t\t\t<figcaption class=\"widget-image-caption wp-caption-text\">Cr\u00e9dit photo \u00a9 GIPSA-lab<\/figcaption>\n\t\t\t\t\t\t\t\t\t\t<\/figure>\n\t\t\t\t\t\t\t\t\t<\/div>\n\t\t\t\t<\/div>\n\t\t\t\t<\/div>\n\t\t<div class=\"elementor-element elementor-element-64d9889 e-con-full e-flex e-con e-child\" data-id=\"64d9889\" data-element_type=\"container\" data-e-type=\"container\">\n\t\t<div class=\"elementor-element elementor-element-8cb1e29 e-con-full e-flex e-con e-child\" data-id=\"8cb1e29\" data-element_type=\"container\" data-e-type=\"container\">\n\t\t\t\t<div class=\"elementor-element elementor-element-8451e72 elementor-widget elementor-widget-heading\" data-id=\"8451e72\" data-element_type=\"widget\" data-e-type=\"widget\" data-widget_type=\"heading.default\">\n\t\t\t\t\t<h2 class=\"elementor-heading-title elementor-size-default\">La Discrimination<\/h2>\t\t\t\t<\/div>\n\t\t\t\t<div class=\"elementor-element elementor-element-e579338 elementor-blockquote--skin-border elementor-blockquote--button-view-icon-text elementor-blockquote--button-skin-classic elementor-widget elementor-widget-blockquote\" data-id=\"e579338\" data-element_type=\"widget\" data-e-type=\"widget\" data-widget_type=\"blockquote.default\">\n\t\t\t\t\t\t\t<blockquote class=\"elementor-blockquote\">\n\t\t\t<p class=\"elementor-blockquote__content\">\n\t\t\t\tPeut prendre diff\u00e9rentes formes, explicites et tr\u00e8s visibles, mais aussi des formes plus insidieuses. Ces formes implicites, comme le racisme ordinaire ou le sexisme ordinaire, sont moins facilement d\u00e9tectables mais restent tout aussi impactantes. Ces formes sont facilement r\u00e9pandues en environnement professionnel, elles se retrouvent dans de subtiles remarques, ou dans de \u201cl\u2019humour\u201d. Ceci est notamment d\u00fb au fait que les auteur\u22c5es de discriminations ordinaires n\u2019ont pas forc\u00e9ment conscience d\u2019\u00eatre discriminant\u22c5es. En effet, des personnes se consid\u00e9rant comme non discriminantes peuvent discriminer sans s\u2019en rendre compte, notamment en reproduisant des m\u00e9canismes implicites appris (vous pouvez vous documenter sur les \u00e9tudes incorporant des tests d\u2019associations implicites (IAT) si ce sujet vous interpelle).\t\t\t<\/p>\n\t\t\t\t\t\t\t<div class=\"e-q-footer\">\n\t\t\t\t\t\t\t\t\t\t\t<cite class=\"elementor-blockquote__author\">Comit\u00e9 \u00c9galit\u00e9-Parit\u00e9<\/cite>\n\t\t\t\t\t\t\t\t\t\t\t\t\t\t\t\t<a href=\"https:\/\/twitter.com\/intent\/tweet?text=Peut+prendre+diff%C3%A9rentes+formes%2C+explicites+et+tr%C3%A8s+visibles%2C+mais+aussi+des+formes+plus+insidieuses.+Ces+formes+implicites%2C+comme+le+racisme+ordinaire+ou+le+sexisme+ordinaire%2C+sont+moins+facilement+d%C3%A9tectables+mais+restent+tout+aussi+impactantes.+Ces+formes+sont+facilement+r%C3%A9pandues+en+environnement+professionnel%2C+elles+se+retrouvent+dans+de+subtiles+remarques%2C+ou+dans+de+%E2%80%9Cl%E2%80%99humour%E2%80%9D.+Ceci+est+notamment+d%C3%BB+au+fait+que+les+auteur%E2%8B%85es+de+discriminations+ordinaires+n%E2%80%99ont+pas+forc%C3%A9ment+conscience+d%E2%80%99%C3%AAtre+discriminant%E2%8B%85es.+En+effet%2C+des+personnes+se+consid%C3%A9rant+comme+non+discriminantes+peuvent+discriminer+sans+s%E2%80%99en+rendre+compte%2C+notamment+en+reproduisant+des+m%C3%A9canismes+implicites+appris+%28vous+pouvez+vous+documenter+sur+les+%C3%A9tudes+incorporant+des+tests+d%E2%80%99associations+implicites+%28IAT%29+si+ce+sujet+vous+interpelle%29.+%E2%80%94+Comit%C3%A9+%C3%89galit%C3%A9-Parit%C3%A9&amp;url=https%3A%2F%2Fintra-dev-2.excellis.org%2F%3Fpage_id%3D14037\" class=\"elementor-blockquote__tweet-button\" target=\"_blank\">\n\t\t\t\t\t\t\t\t\t\t\t\t\t\t\t<svg aria-hidden=\"true\" class=\"e-font-icon-svg e-fab-twitter\" viewBox=\"0 0 512 512\" xmlns=\"http:\/\/www.w3.org\/2000\/svg\"><path d=\"M459.37 151.716c.325 4.548.325 9.097.325 13.645 0 138.72-105.583 298.558-298.558 298.558-59.452 0-114.68-17.219-161.137-47.106 8.447.974 16.568 1.299 25.34 1.299 49.055 0 94.213-16.568 130.274-44.832-46.132-.975-84.792-31.188-98.112-72.772 6.498.974 12.995 1.624 19.818 1.624 9.421 0 18.843-1.3 27.614-3.573-48.081-9.747-84.143-51.98-84.143-102.985v-1.299c13.969 7.797 30.214 12.67 47.431 13.319-28.264-18.843-46.781-51.005-46.781-87.391 0-19.492 5.197-37.36 14.294-52.954 51.655 63.675 129.3 105.258 216.365 109.807-1.624-7.797-2.599-15.918-2.599-24.04 0-57.828 46.782-104.934 104.934-104.934 30.213 0 57.502 12.67 76.67 33.137 23.715-4.548 46.456-13.32 66.599-25.34-7.798 24.366-24.366 44.833-46.132 57.827 21.117-2.273 41.584-8.122 60.426-16.243-14.292 20.791-32.161 39.308-52.628 54.253z\"><\/path><\/svg>\t\t\t\t\t\t\t\t\t\t\t\t\t\t\t\t\t\t\t\t\t\t\t\t\t\t\t\t\t\t<span class=\"elementor-blockquote__tweet-label\">Tweet<\/span>\n\t\t\t\t\t\t\t\t\t\t\t\t\t<\/a>\n\t\t\t\t\t\t\t\t\t<\/div>\n\t\t\t\t\t<\/blockquote>\n\t\t\t\t\t\t<\/div>\n\t\t\t\t<div class=\"elementor-element elementor-element-328ae46 elementor-widget elementor-widget-text-editor\" data-id=\"328ae46\" data-element_type=\"widget\" data-e-type=\"widget\" data-widget_type=\"text-editor.default\">\n\t\t\t\t\t\t\t\t\t<p><span style=\"text-decoration: underline;\">Le\u00a0<strong>Comit\u00e9 \u00c9galit\u00e9-Parit\u00e9<\/strong> agit sur trois niveaux :<\/span><\/p>\t\t\t\t\t\t\t\t<\/div>\n\t\t<div class=\"elementor-element elementor-element-4eb32d7 e-con-full e-flex e-con e-child\" data-id=\"4eb32d7\" data-element_type=\"container\" data-e-type=\"container\">\n\t\t<div class=\"elementor-element elementor-element-6e75300 e-con-full e-flex e-con e-child\" data-id=\"6e75300\" data-element_type=\"container\" data-e-type=\"container\">\n\t\t\t\t<div class=\"elementor-element elementor-element-bb93602 elementor-widget elementor-widget-heading\" data-id=\"bb93602\" data-element_type=\"widget\" data-e-type=\"widget\" data-widget_type=\"heading.default\">\n\t\t\t\t\t<h3 class=\"elementor-heading-title elementor-size-default\">R\u00f4le de Sensibilisation<\/h3>\t\t\t\t<\/div>\n\t\t\t\t<div class=\"elementor-element elementor-element-ca546e8 elementor-widget elementor-widget-image\" data-id=\"ca546e8\" data-element_type=\"widget\" data-e-type=\"widget\" data-widget_type=\"image.default\">\n\t\t\t\t\t\t\t\t\t\t\t\t\t\t\t<img decoding=\"async\" width=\"340\" height=\"230\" src=\"https:\/\/intra-dev-2.excellis.org\/wp-content\/uploads\/2025\/12\/Role-de-Sensibilisation.png\" class=\"attachment-large size-large wp-image-8877\" alt=\"\" srcset=\"https:\/\/intra-dev-2.excellis.org\/wp-content\/uploads\/2025\/12\/Role-de-Sensibilisation.png 340w, https:\/\/intra-dev-2.excellis.org\/wp-content\/uploads\/2025\/12\/Role-de-Sensibilisation-300x203.png 300w\" sizes=\"(max-width: 340px) 100vw, 340px\" \/>\t\t\t\t\t\t\t\t\t\t\t\t\t\t\t<\/div>\n\t\t\t\t<div class=\"elementor-element elementor-element-f48f134 elementor-drop-cap-yes elementor-drop-cap-view-default elementor-widget elementor-widget-text-editor\" data-id=\"f48f134\" data-element_type=\"widget\" data-e-type=\"widget\" data-settings=\"{&quot;drop_cap&quot;:&quot;yes&quot;}\" data-widget_type=\"text-editor.default\">\n\t\t\t\t\t\t\t\t\t<p>Consiste notamment \u00e0 faire prendre conscience de l&rsquo;existence de ces discriminations implicites ; afin que chacun\u22c5e puisse se questionner sur l\u2019impact de ses paroles et gestes quotidiens, et les changer si ces actes quotidiens sont discriminants \u00e0 notre insu.<\/p>\t\t\t\t\t\t\t\t<\/div>\n\t\t\t\t<\/div>\n\t\t<div class=\"elementor-element elementor-element-5200139 e-con-full e-flex e-con e-child\" data-id=\"5200139\" data-element_type=\"container\" data-e-type=\"container\">\n\t\t\t\t<div class=\"elementor-element elementor-element-d57d57d elementor-widget elementor-widget-heading\" data-id=\"d57d57d\" data-element_type=\"widget\" data-e-type=\"widget\" data-widget_type=\"heading.default\">\n\t\t\t\t\t<h3 class=\"elementor-heading-title elementor-size-default\">R\u00f4le de Pr\u00e9vention<\/h3>\t\t\t\t<\/div>\n\t\t\t\t<div class=\"elementor-element elementor-element-70f3505 elementor-widget elementor-widget-image\" data-id=\"70f3505\" data-element_type=\"widget\" data-e-type=\"widget\" data-widget_type=\"image.default\">\n\t\t\t\t\t\t\t\t\t\t\t\t\t\t\t<img loading=\"lazy\" decoding=\"async\" width=\"340\" height=\"230\" src=\"https:\/\/intra-dev-2.excellis.org\/wp-content\/uploads\/2025\/12\/Role-de-Prevention\u200b.png\" class=\"attachment-large size-large wp-image-8878\" alt=\"\" srcset=\"https:\/\/intra-dev-2.excellis.org\/wp-content\/uploads\/2025\/12\/Role-de-Prevention\u200b.png 340w, https:\/\/intra-dev-2.excellis.org\/wp-content\/uploads\/2025\/12\/Role-de-Prevention\u200b-300x203.png 300w\" sizes=\"(max-width: 340px) 100vw, 340px\" \/>\t\t\t\t\t\t\t\t\t\t\t\t\t\t\t<\/div>\n\t\t\t\t<div class=\"elementor-element elementor-element-f4bec8e elementor-drop-cap-yes elementor-drop-cap-view-default elementor-widget elementor-widget-text-editor\" data-id=\"f4bec8e\" data-element_type=\"widget\" data-e-type=\"widget\" data-settings=\"{&quot;drop_cap&quot;:&quot;yes&quot;}\" data-widget_type=\"text-editor.default\">\n\t\t\t\t\t\t\t\t\t<p>Vise \u00e0 ce que les victimes de discriminations ordinaires ou de discriminations plus ouvertes se sentent en s\u00e9curit\u00e9 pour venir nous parler de leurs probl\u00e8mes afin que nous donnons des pistes \u00e0 suivre, sans forc\u00e9ment que cela n\u2019aille plus loin selon le d\u00e9sir de la victime. Cependant, si les faits rapport\u00e9s rel\u00e8vent du d\u00e9lit ou du crime, nous sommes dans l\u2019obligation de faire un signalement aupr\u00e8s de la cellule ad hoc de l&rsquo;universit\u00e9.<\/p>\t\t\t\t\t\t\t\t<\/div>\n\t\t\t\t<\/div>\n\t\t<div class=\"elementor-element elementor-element-cb1b9cc e-con-full e-flex e-con e-child\" data-id=\"cb1b9cc\" data-element_type=\"container\" data-e-type=\"container\">\n\t\t\t\t<div class=\"elementor-element elementor-element-df796c9 elementor-widget elementor-widget-heading\" data-id=\"df796c9\" data-element_type=\"widget\" data-e-type=\"widget\" data-widget_type=\"heading.default\">\n\t\t\t\t\t<h3 class=\"elementor-heading-title elementor-size-default\">R\u00f4le de Protection<\/h3>\t\t\t\t<\/div>\n\t\t\t\t<div class=\"elementor-element elementor-element-1b0ded6 elementor-widget elementor-widget-image\" data-id=\"1b0ded6\" data-element_type=\"widget\" data-e-type=\"widget\" data-widget_type=\"image.default\">\n\t\t\t\t\t\t\t\t\t\t\t\t\t\t\t<img loading=\"lazy\" decoding=\"async\" width=\"340\" height=\"230\" src=\"https:\/\/intra-dev-2.excellis.org\/wp-content\/uploads\/2025\/12\/Role-de-Protection.png\" class=\"attachment-large size-large wp-image-8880\" alt=\"\" srcset=\"https:\/\/intra-dev-2.excellis.org\/wp-content\/uploads\/2025\/12\/Role-de-Protection.png 340w, https:\/\/intra-dev-2.excellis.org\/wp-content\/uploads\/2025\/12\/Role-de-Protection-300x203.png 300w\" sizes=\"(max-width: 340px) 100vw, 340px\" \/>\t\t\t\t\t\t\t\t\t\t\t\t\t\t\t<\/div>\n\t\t\t\t<div class=\"elementor-element elementor-element-1147780 elementor-drop-cap-yes elementor-drop-cap-view-default elementor-widget elementor-widget-text-editor\" data-id=\"1147780\" data-element_type=\"widget\" data-e-type=\"widget\" data-settings=\"{&quot;drop_cap&quot;:&quot;yes&quot;}\" data-widget_type=\"text-editor.default\">\n\t\t\t\t\t\t\t\t\t<p>Pour des actes graves tels qu&rsquo;une agression physique, du harc\u00e8lement moral, sexiste, sexuel, des attouchements ou des viols, le r\u00f4le du comit\u00e9 est d\u2019\u00e9couter, d\u2019accompagner, d\u2019 informer les victimes et de les adresser si n\u00e9cessaire aux services de sant\u00e9 et juridiques internes ou externes aux tutelles universitaires ; enfin de les prot\u00e9ger en \u00e9loignant les agresseurs des victimes et de potentielles victimes.<\/p>\t\t\t\t\t\t\t\t<\/div>\n\t\t\t\t<\/div>\n\t\t\t\t<\/div>\n\t\t\t\t<\/div>\n\t\t\t\t<\/div>\n\t\t<div class=\"elementor-element elementor-element-de3ffef e-con-full e-flex e-con e-child\" data-id=\"de3ffef\" data-element_type=\"container\" data-e-type=\"container\">\n\t\t\t\t<div class=\"elementor-element elementor-element-fbe227b elementor-widget elementor-widget-text-editor\" data-id=\"fbe227b\" data-element_type=\"widget\" data-e-type=\"widget\" data-widget_type=\"text-editor.default\">\n\t\t\t\t\t\t\t\t\t<p><strong>Sur tous ces sujets, les personnels du laboratoire pourront retrouver plus d&rsquo;informations sur l&rsquo;intranet (section <a href=\"https:\/\/intra-dev-2.excellis.org\/?page_id=6180\">Documentation<\/a>).<\/strong><\/p>\t\t\t\t\t\t\t\t<\/div>\n\t\t\t\t<div class=\"elementor-element elementor-element-7e8e517 elementor-widget elementor-widget-spacer\" data-id=\"7e8e517\" data-element_type=\"widget\" data-e-type=\"widget\" data-widget_type=\"spacer.default\">\n\t\t\t\t\t\t\t<div class=\"elementor-spacer\">\n\t\t\t<div class=\"elementor-spacer-inner\"><\/div>\n\t\t<\/div>\n\t\t\t\t\t\t<\/div>\n\t\t\t\t<\/div>\n\t\t\t\t<\/div>\n\t\t\t\t<\/div>\n\t\t\t\t\t<\/div>\n\t\t\t\t<\/div>\n\t\t<div class=\"elementor-element elementor-element-ce651bd e-flex e-con-boxed e-con e-parent\" data-id=\"ce651bd\" data-element_type=\"container\" data-e-type=\"container\">\n\t\t\t\t\t<div class=\"e-con-inner\">\n\t\t\t\t\t<\/div>\n\t\t\t\t<\/div>\n\t\t\t\t<\/div>\n\t\t","protected":false},"excerpt":{"rendered":"<p>Charg\u00e9 de mission parit\u00e9 Ronald PHLYPO Contact(s) R. PHLYPO Contacter par courriel Comit\u00e9 \u00c9galit\u00e9-Parit\u00e9 Mis en place au sein du laboratoire GIPSA-Lab depuis avril 2021, le Comit\u00e9 Egalit\u00e9-Parit\u00e9 a un r\u00f4le de sensibilisation, de pr\u00e9vention et de protection contre\u00a0tous types de discrimination\u00a0: sexisme, racisme, handicap, religieuse, hi\u00e9rarchique, etc.\u00a0 Cr\u00e9dit photo \u00a9 GIPSA-lab La Discrimination Peut [&hellip;]<\/p>\n","protected":false},"author":12,"featured_media":0,"parent":7429,"menu_order":4,"comment_status":"closed","ping_status":"closed","template":"","meta":{"rs_blank_template":"","rs_page_bg_color":"","slide_template_v7":"","footnotes":""},"class_list":["post-14037","page","type-page","status-publish","hentry"],"lang":"fr","translations":{"fr":14037},"pll_sync_post":[],"_links":{"self":[{"href":"https:\/\/intra-dev-2.excellis.org\/index.php?rest_route=\/wp\/v2\/pages\/14037","targetHints":{"allow":["GET"]}}],"collection":[{"href":"https:\/\/intra-dev-2.excellis.org\/index.php?rest_route=\/wp\/v2\/pages"}],"about":[{"href":"https:\/\/intra-dev-2.excellis.org\/index.php?rest_route=\/wp\/v2\/types\/page"}],"author":[{"embeddable":true,"href":"https:\/\/intra-dev-2.excellis.org\/index.php?rest_route=\/wp\/v2\/users\/12"}],"replies":[{"embeddable":true,"href":"https:\/\/intra-dev-2.excellis.org\/index.php?rest_route=%2Fwp%2Fv2%2Fcomments&post=14037"}],"version-history":[{"count":7,"href":"https:\/\/intra-dev-2.excellis.org\/index.php?rest_route=\/wp\/v2\/pages\/14037\/revisions"}],"predecessor-version":[{"id":14049,"href":"https:\/\/intra-dev-2.excellis.org\/index.php?rest_route=\/wp\/v2\/pages\/14037\/revisions\/14049"}],"up":[{"embeddable":true,"href":"https:\/\/intra-dev-2.excellis.org\/index.php?rest_route=\/wp\/v2\/pages\/7429"}],"wp:attachment":[{"href":"https:\/\/intra-dev-2.excellis.org\/index.php?rest_route=%2Fwp%2Fv2%2Fmedia&parent=14037"}],"curies":[{"name":"wp","href":"https:\/\/api.w.org\/{rel}","templated":true}]}}