{"id":8512,"date":"2025-12-12T09:30:07","date_gmt":"2025-12-12T08:30:07","guid":{"rendered":"https:\/\/intra-dev-2.excellis.org\/?page_id=8512"},"modified":"2026-03-01T12:24:42","modified_gmt":"2026-03-01T11:24:42","slug":"departement-parole-et-cognition-dpc","status":"publish","type":"page","link":"https:\/\/intra-dev-2.excellis.org\/?page_id=8512","title":{"rendered":"D\u00e9partement Parole et Cognition (DPC)"},"content":{"rendered":"\t\t<div data-elementor-type=\"wp-page\" data-elementor-id=\"8512\" class=\"elementor elementor-8512\" data-elementor-post-type=\"page\">\n\t\t\t\t<div class=\"elementor-element elementor-element-cbd54e9 e-flex e-con-boxed e-con e-parent\" data-id=\"cbd54e9\" data-element_type=\"container\" data-e-type=\"container\" data-settings=\"{&quot;background_background&quot;:&quot;classic&quot;}\">\n\t\t\t\t\t<div class=\"e-con-inner\">\n\t\t<div class=\"elementor-element elementor-element-a26ec7f e-con-full e-flex e-con e-child\" data-id=\"a26ec7f\" data-element_type=\"container\" data-e-type=\"container\" data-settings=\"{&quot;background_background&quot;:&quot;classic&quot;}\">\n\t\t<div class=\"elementor-element elementor-element-6461d6a e-con-full e-flex e-con e-child\" data-id=\"6461d6a\" data-element_type=\"container\" data-e-type=\"container\">\n\t\t\t\t<div class=\"elementor-element elementor-element-6fda861 elementor-widget elementor-widget-image\" data-id=\"6fda861\" data-element_type=\"widget\" data-e-type=\"widget\" data-widget_type=\"image.default\">\n\t\t\t\t\t\t\t\t\t\t\t\t\t\t\t<img fetchpriority=\"high\" decoding=\"async\" width=\"350\" height=\"350\" src=\"https:\/\/intra-dev-2.excellis.org\/wp-content\/uploads\/2025\/12\/picto_PPC.png\" class=\"attachment-large size-large wp-image-8514\" alt=\"\" srcset=\"https:\/\/intra-dev-2.excellis.org\/wp-content\/uploads\/2025\/12\/picto_PPC.png 350w, https:\/\/intra-dev-2.excellis.org\/wp-content\/uploads\/2025\/12\/picto_PPC-300x300.png 300w, https:\/\/intra-dev-2.excellis.org\/wp-content\/uploads\/2025\/12\/picto_PPC-150x150.png 150w\" sizes=\"(max-width: 350px) 100vw, 350px\" \/>\t\t\t\t\t\t\t\t\t\t\t\t\t\t\t<\/div>\n\t\t\t\t<div class=\"elementor-element elementor-element-3f43435 elementor-widget elementor-widget-heading\" data-id=\"3f43435\" data-element_type=\"widget\" data-e-type=\"widget\" data-widget_type=\"heading.default\">\n\t\t\t\t\t<h2 class=\"elementor-heading-title elementor-size-default\">Responsable du D\u00e9partement<\/h2>\t\t\t\t<\/div>\n\t\t\t\t<div class=\"elementor-element elementor-element-a746c7e elementor-widget elementor-widget-image\" data-id=\"a746c7e\" data-element_type=\"widget\" data-e-type=\"widget\" data-widget_type=\"image.default\">\n\t\t\t\t\t\t\t\t\t\t\t\t\t\t\t<img decoding=\"async\" width=\"420\" height=\"420\" src=\"https:\/\/intra-dev-2.excellis.org\/wp-content\/uploads\/2025\/12\/GARNIER-Maeva-GIPSA.png\" class=\"attachment-large size-large wp-image-8516\" alt=\"\" srcset=\"https:\/\/intra-dev-2.excellis.org\/wp-content\/uploads\/2025\/12\/GARNIER-Maeva-GIPSA.png 420w, https:\/\/intra-dev-2.excellis.org\/wp-content\/uploads\/2025\/12\/GARNIER-Maeva-GIPSA-300x300.png 300w, https:\/\/intra-dev-2.excellis.org\/wp-content\/uploads\/2025\/12\/GARNIER-Maeva-GIPSA-150x150.png 150w\" sizes=\"(max-width: 420px) 100vw, 420px\" \/>\t\t\t\t\t\t\t\t\t\t\t\t\t\t\t<\/div>\n\t\t\t\t<div class=\"elementor-element elementor-element-622cb8c elementor-widget elementor-widget-heading\" data-id=\"622cb8c\" data-element_type=\"widget\" data-e-type=\"widget\" data-widget_type=\"heading.default\">\n\t\t\t\t\t<h2 class=\"elementor-heading-title elementor-size-default\">Maeva GARNIER<\/h2>\t\t\t\t<\/div>\n\t\t\t\t<div class=\"elementor-element elementor-element-c3b9340 elementor-widget elementor-widget-ova_list_link\" data-id=\"c3b9340\" data-element_type=\"widget\" data-e-type=\"widget\" data-widget_type=\"ova_list_link.default\">\n\t\t\t\t<div class=\"elementor-widget-container\">\n\t\t\t\t\t\t\t<div class=\"ova_list_link box-shadow\">\n\t\t\t\t\t\t<h3 class=\"title\">\n\t\t\t\tLes \u00c9quipes\t\t\t<\/h3>\n\t\t\t\t\t\t\t\t\t<ul class=\"content\">\n\t\t\t\t\t\t\t\t\t<li class=\"item\">\n\t\t\t\t\t\t<a href=\"https:\/\/intra-dev-2.excellis.org\/?page_id=11539\">\n\t\t\t\t\t\t\tComLearn\t\t\t\t\t\t\t\t\t\t\t\t\t\t<span class=\"icon\">\n\t\t\t\t\t\t\t\t<i data-feather=\"chevron-right\"><\/i>\n\t\t\t\t\t\t\t<\/span>\n\t\t\t\t\t\t    \t\t\t\t\t\t    \t\t\t\t\t\t\t<span class=\"icon-hover\">\n\t\t\t\t\t\t\t\t<i data-feather=\"arrow-right\"><\/i>\n\t\t\t\t\t\t\t<\/span>\n\t\t\t\t\t\t\t \t\t\t\t\t\t<\/a>\n\n\t\t\t\t\t<\/li>\n\t\t\t\t\t\t\t\t\t<li class=\"item\">\n\t\t\t\t\t\t<a href=\"https:\/\/intra-dev-2.excellis.org\/?page_id=11552\">\n\t\t\t\t\t\t\tPCMD\t\t\t\t\t\t\t\t\t\t\t\t\t\t<span class=\"icon\">\n\t\t\t\t\t\t\t\t<i data-feather=\"chevron-right\"><\/i>\n\t\t\t\t\t\t\t<\/span>\n\t\t\t\t\t\t    \t\t\t\t\t\t    \t\t\t\t\t\t\t<span class=\"icon-hover\">\n\t\t\t\t\t\t\t\t<i data-feather=\"arrow-right\"><\/i>\n\t\t\t\t\t\t\t<\/span>\n\t\t\t\t\t\t\t \t\t\t\t\t\t<\/a>\n\n\t\t\t\t\t<\/li>\n\t\t\t\t\t\t\t\t\t<li class=\"item\">\n\t\t\t\t\t\t<a href=\"https:\/\/intra-dev-2.excellis.org\/?page_id=10400\">\n\t\t\t\t\t\t\tSYLDO\t\t\t\t\t\t\t\t\t\t\t\t\t\t<span class=\"icon\">\n\t\t\t\t\t\t\t\t<i data-feather=\"chevron-right\"><\/i>\n\t\t\t\t\t\t\t<\/span>\n\t\t\t\t\t\t    \t\t\t\t\t\t    \t\t\t\t\t\t\t<span class=\"icon-hover\">\n\t\t\t\t\t\t\t\t<i data-feather=\"arrow-right\"><\/i>\n\t\t\t\t\t\t\t<\/span>\n\t\t\t\t\t\t\t \t\t\t\t\t\t<\/a>\n\n\t\t\t\t\t<\/li>\n\t\t\t\t\t\t\t<\/ul>\n\t\t\t\t\t<\/div>\n\t\t\t\t\t\t<\/div>\n\t\t\t\t<\/div>\n\t\t\t\t<\/div>\n\t\t<div class=\"elementor-element elementor-element-8ece245 e-con-full e-flex e-con e-child\" data-id=\"8ece245\" data-element_type=\"container\" data-e-type=\"container\">\n\t\t<div class=\"elementor-element elementor-element-f711917 e-con-full e-flex e-con e-child\" data-id=\"f711917\" data-element_type=\"container\" data-e-type=\"container\">\n\t\t<div class=\"elementor-element elementor-element-45a5347 e-con-full e-flex e-con e-child\" data-id=\"45a5347\" data-element_type=\"container\" data-e-type=\"container\">\n\t\t<div class=\"elementor-element elementor-element-684e5cf e-con-full e-flex e-con e-child\" data-id=\"684e5cf\" data-element_type=\"container\" data-e-type=\"container\">\n\t\t<div class=\"elementor-element elementor-element-b2f007c e-con-full e-flex e-con e-child\" data-id=\"b2f007c\" data-element_type=\"container\" data-e-type=\"container\">\n\t\t\t\t<div class=\"elementor-element elementor-element-2f9f913 elementor-drop-cap-yes elementor-drop-cap-view-default elementor-widget elementor-widget-text-editor\" data-id=\"2f9f913\" data-element_type=\"widget\" data-e-type=\"widget\" data-settings=\"{&quot;drop_cap&quot;:&quot;yes&quot;}\" data-widget_type=\"text-editor.default\">\n\t\t\t\t\t\t\t\t\t<p>Le <b>D\u00e9partement Parole et Cognition<\/b>\u00a0<strong>(<abbr title=\"P\u00f4le Parole et Cognition\">DPC)<\/abbr>\u00a0<\/strong>a pour objectif scientifique d\u2019\u00e9tudier et mod\u00e9liser les\u00a0<strong>signaux de parole<\/strong>, les\u00a0<strong>syst\u00e8mes physiques et cognitifs<\/strong>\u00a0qui les produisent et les per\u00e7oivent, les\u00a0<strong>syst\u00e8mes linguistiques<\/strong>\u00a0qui les organisent. Parall\u00e8lement, il d\u00e9veloppe \u00e9galement de\u00a0<strong>nouvelles technologies vocales<\/strong>.<\/p><div>Le <strong>D\u00e9partement D<\/strong><abbr title=\"P\u00f4le Parole et Cognition\"><strong>PC<\/strong>\u00a0<\/abbr>s\u2019appuie sur les comp\u00e9tences de ses chercheurs en\u00a0<strong>sciences du langage<\/strong>,\u00a0<strong>sciences cognitives<\/strong>, et sciences du\u00a0<strong>traitement automatique de l\u2019information<\/strong>.<\/div>\t\t\t\t\t\t\t\t<\/div>\n\t\t\t\t<\/div>\n\t\t<div class=\"elementor-element elementor-element-95f165b e-con-full e-flex e-con e-child\" data-id=\"95f165b\" data-element_type=\"container\" data-e-type=\"container\">\n\t\t\t\t<div class=\"elementor-element elementor-element-68134cc elementor-widget elementor-widget-image\" data-id=\"68134cc\" data-element_type=\"widget\" data-e-type=\"widget\" data-widget_type=\"image.default\">\n\t\t\t\t\t\t\t\t\t\t\t\t<figure class=\"wp-caption\">\n\t\t\t\t\t\t\t\t\t\t<img decoding=\"async\" width=\"480\" height=\"480\" src=\"https:\/\/intra-dev-2.excellis.org\/wp-content\/uploads\/2025\/12\/image_ppc_2022_fond.jpg\" class=\"attachment-large size-large wp-image-8520\" alt=\"\" srcset=\"https:\/\/intra-dev-2.excellis.org\/wp-content\/uploads\/2025\/12\/image_ppc_2022_fond.jpg 480w, https:\/\/intra-dev-2.excellis.org\/wp-content\/uploads\/2025\/12\/image_ppc_2022_fond-300x300.jpg 300w, https:\/\/intra-dev-2.excellis.org\/wp-content\/uploads\/2025\/12\/image_ppc_2022_fond-150x150.jpg 150w\" sizes=\"(max-width: 480px) 100vw, 480px\" \/>\t\t\t\t\t\t\t\t\t\t\t<figcaption class=\"widget-image-caption wp-caption-text\">Illustration des travaux du DPC Cr\u00e9dit photo \u00a9 GIPSA-lab<\/figcaption>\n\t\t\t\t\t\t\t\t\t\t<\/figure>\n\t\t\t\t\t\t\t\t\t<\/div>\n\t\t\t\t<\/div>\n\t\t\t\t<\/div>\n\t\t\t\t<div class=\"elementor-element elementor-element-d627123 elementor-widget elementor-widget-text-editor\" data-id=\"d627123\" data-element_type=\"widget\" data-e-type=\"widget\" data-widget_type=\"text-editor.default\">\n\t\t\t\t\t\t\t\t\t<div>Regroup\u00e9s en trois \u00e9quipes (<strong>ComLearn<\/strong>,\u00a0<strong><abbr title=\"Perception, Contr\u00f4le, Multimodalit\u00e9 et Dynamiques de la parole\">PCMD<\/abbr><\/strong>,\u00a0<strong><abbr title=\" Syst\u00e8mes Linguistiques, Dialectologie &amp; Oralit\u00e9\">SYLDO<\/abbr><\/strong>), ses chercheurs proviennent essentiellement des sections\u00a0<em>Sciences et Technologies de l\u2019Information<\/em> et S<em>ciences du Langage<\/em>\u00a0du <strong>CNRS<\/strong> ; ses enseignants-chercheurs sont rattach\u00e9s \u00e0 l\u2019<strong>UGA<\/strong> (<strong>UFR LLASIC<\/strong>, lettres et langues) et \u00e0 <strong>Grenoble-INP<\/strong> (\u00c9cole d\u2019Ing\u00e9nieurs <strong>PHELMA<\/strong>).<\/div><div><div>L\u2019approche m\u00e9thodologique g\u00e9n\u00e9rale du <strong><abbr title=\"P\u00f4le Parole et Cognition\">DPC<\/abbr>\u00a0<\/strong>repose sur l\u2019<strong>observation<\/strong>\u00a0et le\u00a0<strong>recueil de donn\u00e9es<\/strong>, l\u2019<strong>exp\u00e9rimentation en laboratoire et sur site<\/strong>, l\u2019<strong>analyse<\/strong>, la\u00a0<strong>mod\u00e9lisation\u00a0<\/strong>et l\u2019<strong>\u00e9valuation<\/strong>.<\/div><\/div>\t\t\t\t\t\t\t\t<\/div>\n\t\t\t\t<div class=\"elementor-element elementor-element-a53cd02 elementor-widget elementor-widget-ova_heading\" data-id=\"a53cd02\" data-element_type=\"widget\" data-e-type=\"widget\" data-widget_type=\"ova_heading.default\">\n\t\t\t\t<div class=\"elementor-widget-container\">\n\t\t\t\t\t\t\t<div class=\"ova-heading\">\n\t\t\t\n\t\t\t\t\t\t\t<h3 class=\"title second_font\">Savoir et Innovation<\/h3>\n\t\t\t\n\t\t\t\n\t\t<\/div>\n\t\t\t\t\t\t<\/div>\n\t\t\t\t<\/div>\n\t\t\t\t<div class=\"elementor-element elementor-element-52c2dd0 elementor-widget elementor-widget-text-editor\" data-id=\"52c2dd0\" data-element_type=\"widget\" data-e-type=\"widget\" data-widget_type=\"text-editor.default\">\n\t\t\t\t\t\t\t\t\t<p>Le <strong>D\u00e9partement DPC<\/strong> \u00e9tudie et mod\u00e9lise la parole sous tous les angles possibles : \u00e9tudes fondamentales en production et perception, en phon\u00e9tique, phonologie et linguistique, et \u00e9tudes plus appliqu\u00e9es en technologies vocales. L\u2019approche est r\u00e9solument<strong>\u00a0interdisciplinaire<\/strong>, avec la collaboration de chercheurs et chercheuses de champ disciplinaires diff\u00e9rents et compl\u00e9mentaires, et un enrichissement crois\u00e9 au c\u0153ur de la vie scientifique du p\u00f4le.<\/p><p>Chaque \u00e9quipe du\u00a0<strong><abbr title=\"P\u00f4le Parole et Cognition\">DPC <\/abbr><\/strong>\u00a0est\u00a0<em>leader, <\/em>ou est impliqu\u00e9e, dans de nombreux projets de recherche formels. Des collaborations inter \u00e9quipes r\u00e9guli\u00e8res, impliquant souvent des partenaires ext\u00e9rieurs, sont men\u00e9es sur des <strong>th\u00e9matiques transversales ambitieuses<\/strong>\u00a0: par exemple, les troubles de la parole et de la communication (Projet Europ\u00e9en ITN Comm4child), l\u2019\u00e9mergence, la structuration et le fonctionnement des syst\u00e8mes linguistiques, ou la communication et interaction face-\u00e0-face (humain-humain et humain-robot).<\/p><p>Plusieurs membres du\u00a0<strong><abbr title=\"P\u00f4le Parole et Cognition\">DPC <\/abbr>\u00a0<\/strong>sont impliqu\u00e9s dans l\u2019<strong>AFCP<\/strong> (Association Fran\u00e7aise de la Communication Parl\u00e9e), le <strong>GDR TAL<\/strong> (traitement automatique du langage) du <strong>CNRS<\/strong> ou encore l\u2019<strong>ISCA<\/strong> (<strong>I<\/strong>nternational <strong>S<\/strong>peech <strong>C<\/strong>ommunication <strong>A<\/strong>ssociation).<\/p><p>Le <strong>D\u00e9partement D<\/strong><abbr title=\"P\u00f4le Parole et Cognition\"><strong>PC<\/strong>\u00a0<\/abbr>\u00a0s&rsquo;appuie sur un ensemble de\u00a0<strong>plateformes exp\u00e9rimentales et techniques<\/strong> permettant de mettre en \u0153uvre ses recherches :<\/p>\t\t\t\t\t\t\t\t<\/div>\n\t\t\t\t<div class=\"elementor-element elementor-element-2aeef39 elementor-widget elementor-widget-ova_list_checked\" data-id=\"2aeef39\" data-element_type=\"widget\" data-e-type=\"widget\" data-widget_type=\"ova_list_checked.default\">\n\t\t\t\t<div class=\"elementor-widget-container\">\n\t\t\t\t\t\t\t\n\t\t<div class=\"ova_list_checked\" >\n\t\t\t\t\t\t\t<ul>\n\t\t\t\t\t\t\t\t\t<li class=\"item\">\n\t\t\t\t\t\t<i data-feather=\"check-circle\"><\/i>\n\t\t\t\t\t\t<span>MICAL &amp; Nina, deux plateformes autour de la communication\/interaction humain-humain et humain-robot, en particulier avec un robot iCub,a past defeat as a motivator. Remind yourself you have nowhere to go except<\/span>\n\t\t\t\t\t<\/li>\n\t\t\t\t\t\t\t\t\t<li class=\"item\">\n\t\t\t\t\t\t<i data-feather=\"check-circle\"><\/i>\n\t\t\t\t\t\t<span>BEDEI, d\u00e9di\u00e9e \u00e0 la capture de signaux de parole multimodale, au son, \u00e0 la vid\u00e9o et \u00e0 l&#039;\u00e9lectromagn\u00e9tographe articulatoire<\/span>\n\t\t\t\t\t<\/li>\n\t\t\t\t\t\t\t\t\t<li class=\"item\">\n\t\t\t\t\t\t<i data-feather=\"check-circle\"><\/i>\n\t\t\t\t\t\t<span>Neurospeech, permettant l&#039;acquisition par IRM et IRMf, en collaboration avec GIN IRMAGE<\/span>\n\t\t\t\t\t<\/li>\n\t\t\t\t\t\t\t\t\t<li class=\"item\">\n\t\t\t\t\t\t<i data-feather=\"check-circle\"><\/i>\n\t\t\t\t\t\t<span>Anecho, d\u00e9di\u00e9e aux maquettes et \u00e0 l&#039;instrumentation en acoustique<\/span>\n\t\t\t\t\t<\/li>\n\t\t\t\t\t\t\t\t\t<li class=\"item\">\n\t\t\t\t\t\t<i data-feather=\"check-circle\"><\/i>\n\t\t\t\t\t\t<span>Atlas Linguistiques, et sa collection d\u2019atlas linguistiques nationaux et r\u00e9gionaux.<\/span>\n\t\t\t\t\t<\/li>\n\t\t\t\t\t\t\t\t<\/ul>\n\t\t\t\n\t\t<\/div>\n\n\t\t\t\t\t\t<\/div>\n\t\t\t\t<\/div>\n\t\t\t\t<div class=\"elementor-element elementor-element-99f15b6 elementor-widget elementor-widget-ova_heading\" data-id=\"99f15b6\" data-element_type=\"widget\" data-e-type=\"widget\" data-widget_type=\"ova_heading.default\">\n\t\t\t\t<div class=\"elementor-widget-container\">\n\t\t\t\t\t\t\t<div class=\"ova-heading\">\n\t\t\t\n\t\t\t\t\t\t\t<h3 class=\"title second_font\">Prix et Distinctions<\/h3>\n\t\t\t\n\t\t\t\n\t\t<\/div>\n\t\t\t\t\t\t<\/div>\n\t\t\t\t<\/div>\n\t\t\t\t<div class=\"elementor-element elementor-element-973d4ac elementor-widget elementor-widget-ova_blog\" data-id=\"973d4ac\" data-element_type=\"widget\" data-e-type=\"widget\" data-widget_type=\"ova_blog.default\">\n\t\t\t\t<div class=\"elementor-widget-container\">\n\t\t\t\t\t\n\t\t<div class=\"ova-blog blog-grid grid_sidebar\">\n\t\t\t<div class=\"ova-wrap-grid\">\n\t\t\t\t\t\t\t<article class=\"post-wrap\">\n\t\t\t\t\t<div class=\"wrap-article\">\n\t\t\t\t\t\t<div class=\"post-media\">\n\t\t\t\t\t\t\t\t\t\t\t\t\t\t\t<a href=\"https:\/\/intra-dev-2.excellis.org\/?p=10380\">\n\n\t\t\t\t\t\t\t\t\t<img decoding=\"async\" alt=\"G\u00e9rard BAILLY, Fellow Member de l&rsquo;ISCA\" src=\"https:\/\/intra-dev-2.excellis.org\/wp-content\/uploads\/2023\/04\/Gerard-BAILLY3-560x379.png\" \n\t\t\t\t\t\t\t\t\t\t\t\n\t\t\t\t\t\t\t\t\t\t\tsrcset=\"https:\/\/intra-dev-2.excellis.org\/wp-content\/uploads\/2023\/04\/Gerard-BAILLY3-560x379.png 560w,\n\t\t\t\t\t\t\t\t\t\t\thttps:\/\/intra-dev-2.excellis.org\/wp-content\/uploads\/2023\/04\/Gerard-BAILLY3-300x203.png 300w\" \n\t\t\t\t\t\t\t\t\t\t\tsizes=\"(max-width: 767px) 100vw, 560px\" >\n\t\t\t\t\t\t\t\t<\/a>\n\t\t\t\t\t\t\t\t\t\t\t\t\t<\/div>\n\t\t\t\t\t\t<div class=\"evgovt-content\">\n\t\t\t\t\t\t\t\t\t\t\t\t\t\t<div class=\"post-meta-date\">\n\t\t\t\t\t\t\t\t<span class=\"post-meta-content-date\">\n\t\t\t\t\t\t\t\t    <span class=\" post-date\">\n\t\t\t\t\t\t\t\t        <span class=\"right second_font\">2 avril 2023<\/span>\n\t\t\t\t\t\t\t\t    <\/span>\n\t\t\t\t\t\t\t\t<\/span>\n\t\t\t\t\t\t\t<\/div>\n\t\t\t\t\t\t\t\n\t\t\t\t\t\t\t\t\t\t\t\t\t\t\t\t\t\t\t\t\t<div class=\"post-title\">\n\t\t\t\t\t\t\t\t<a href=\"https:\/\/intra-dev-2.excellis.org\/?p=10380\" rel=\"bookmark\" title=\"G\u00e9rard BAILLY, Fellow Member de l&rsquo;ISCA\">\n\t\t\t\t\t\t\t\t\t<h2 class=\"post-title\">G\u00e9rard BAILLY, Fellow Member de l&rsquo;ISCA<\/h2>\n\t\t\t\t\t\t\t    <\/a>\n\t\t\t\t\t\t\t<\/div>\n\t\t\t\t\t\t\t\t\t\t\t\t\t\t\t\t\t\t\t\t\t\t\t\t\t\t\t\t<div class=\"post-footer\">\n\t\t\t\t\t\t\t\t<div class=\"egovt-post-readmore\">\n\t\t\t\t\t\t\t\t    <a class=\"btn-readmore second_font\" href=\"https:\/\/intra-dev-2.excellis.org\/?p=10380\">\n\t\t\t\t\t\t\t\t    \tEn Savoir Plus\t\t\t\t\t\t\t\t    \t<i data-feather=\"arrow-right\"><\/i>\n\t\t\t\t\t\t\t\t    <\/a>\n\t\t\t\t\t\t\t\t<\/div>\n\t\t\t\t\t\t\t<\/div>\n\t\t\t\t\t\t\t\t\t\t\t\t\t<\/div>\n\t\t\t\t\t<\/div>\n\t\t\t\t<\/article>\n\t\t\t\t\t\t\t<article class=\"post-wrap\">\n\t\t\t\t\t<div class=\"wrap-article\">\n\t\t\t\t\t\t<div class=\"post-media\">\n\t\t\t\t\t\t\t\t\t\t\t\t\t<\/div>\n\t\t\t\t\t\t<div class=\"evgovt-content\">\n\t\t\t\t\t\t\t\t\t\t\t\t\t\t<div class=\"post-meta-date\">\n\t\t\t\t\t\t\t\t<span class=\"post-meta-content-date\">\n\t\t\t\t\t\t\t\t    <span class=\" post-date\">\n\t\t\t\t\t\t\t\t        <span class=\"right second_font\">24 septembre 2021<\/span>\n\t\t\t\t\t\t\t\t    <\/span>\n\t\t\t\t\t\t\t\t<\/span>\n\t\t\t\t\t\t\t<\/div>\n\t\t\t\t\t\t\t\n\t\t\t\t\t\t\t\t\t\t\t\t\t\t\t\t\t\t\t\t\t<div class=\"post-title\">\n\t\t\t\t\t\t\t\t<a href=\"https:\/\/intra-dev-2.excellis.org\/?p=10393\" rel=\"bookmark\" title=\"Prix de l&rsquo;Acad\u00e9mie des Sciences pour Pierre BARADUC\">\n\t\t\t\t\t\t\t\t\t<h2 class=\"post-title\">Prix de l&rsquo;Acad\u00e9mie des Sciences pour Pierre BARADUC<\/h2>\n\t\t\t\t\t\t\t    <\/a>\n\t\t\t\t\t\t\t<\/div>\n\t\t\t\t\t\t\t\t\t\t\t\t\t\t\t\t\t\t\t\t\t\t\t\t\t\t\t\t<div class=\"post-footer\">\n\t\t\t\t\t\t\t\t<div class=\"egovt-post-readmore\">\n\t\t\t\t\t\t\t\t    <a class=\"btn-readmore second_font\" href=\"https:\/\/intra-dev-2.excellis.org\/?p=10393\">\n\t\t\t\t\t\t\t\t    \tEn Savoir Plus\t\t\t\t\t\t\t\t    \t<i data-feather=\"arrow-right\"><\/i>\n\t\t\t\t\t\t\t\t    <\/a>\n\t\t\t\t\t\t\t\t<\/div>\n\t\t\t\t\t\t\t<\/div>\n\t\t\t\t\t\t\t\t\t\t\t\t\t<\/div>\n\t\t\t\t\t<\/div>\n\t\t\t\t<\/article>\n\t\t\t\t\t\t<\/div>\n\t\t<\/div>\n\t\t\t\t\t\t<\/div>\n\t\t\t\t<\/div>\n\t\t\t\t<\/div>\n\t\t\t\t<\/div>\n\t\t<div class=\"elementor-element elementor-element-4669f0c e-con-full e-flex e-con e-child\" data-id=\"4669f0c\" data-element_type=\"container\" data-e-type=\"container\">\n\t\t\t\t<div class=\"elementor-element elementor-element-195c890 elementor-widget elementor-widget-heading\" data-id=\"195c890\" data-element_type=\"widget\" data-e-type=\"widget\" data-widget_type=\"heading.default\">\n\t\t\t\t\t<h2 class=\"elementor-heading-title elementor-size-default\">Animations Scientifiques<\/h2>\t\t\t\t<\/div>\n\t\t<div class=\"elementor-element elementor-element-f157376 e-con-full e-flex e-con e-child\" data-id=\"f157376\" data-element_type=\"container\" data-e-type=\"container\">\n\t\t<div class=\"elementor-element elementor-element-fea2b21 e-con-full e-flex e-con e-child\" data-id=\"fea2b21\" data-element_type=\"container\" data-e-type=\"container\">\n\t\t\t\t<div class=\"elementor-element elementor-element-b95407b elementor-widget elementor-widget-heading\" data-id=\"b95407b\" data-element_type=\"widget\" data-e-type=\"widget\" data-widget_type=\"heading.default\">\n\t\t\t\t\t<h3 class=\"elementor-heading-title elementor-size-default\">Cycle de s\u00e9minaires <\/h3>\t\t\t\t<\/div>\n\t\t\t\t<div class=\"elementor-element elementor-element-51556a9 elementor-widget elementor-widget-text-editor\" data-id=\"51556a9\" data-element_type=\"widget\" data-e-type=\"widget\" data-widget_type=\"text-editor.default\">\n\t\t\t\t\t\t\t\t\t<p>Le <strong>D\u00e9partement D<\/strong><abbr title=\"P\u00f4le Parole et Cognition\"><strong>PC<\/strong>\u00a0<\/abbr>organise r\u00e9guli\u00e8rement des s\u00e9minaires internes et externes, avec l\u2019invitation de chercheurs renomm\u00e9s dans les divers champs disciplinaires couvrant l\u2019\u00e9tude de la parole.<\/p><p>Il participe \u00e9galement \u00e0 l\u2019organisation d\u2019\u00e9v\u00e8nements nationaux ou internationaux, dont derni\u00e8rement le\u00a0<a class=\"ext\" title=\"Congr\u00e8s ISSP 2024 (s'ouvre dans une nouvelle fen\u00eatre)\" href=\"https:\/\/issp24.sciencesconf.org\/\" target=\"_blank\" rel=\"noopener noreferrer\" data-extlink=\"\">congr\u00e8s ISSP<\/a>\u00a0(International Symposium on Speech Production) \u00e0 Autrans en mai 2024 (plus de 150 participants venus de tous les continents). \u00a0<\/p>\t\t\t\t\t\t\t\t<\/div>\n\t\t\t\t<\/div>\n\t\t<div class=\"elementor-element elementor-element-738020b e-con-full e-flex e-con e-child\" data-id=\"738020b\" data-element_type=\"container\" data-e-type=\"container\">\n\t\t\t\t<div class=\"elementor-element elementor-element-b8df709 elementor-widget elementor-widget-image\" data-id=\"b8df709\" data-element_type=\"widget\" data-e-type=\"widget\" data-widget_type=\"image.default\">\n\t\t\t\t\t\t\t\t\t\t\t\t\t\t\t<img loading=\"lazy\" decoding=\"async\" width=\"480\" height=\"320\" src=\"https:\/\/intra-dev-2.excellis.org\/wp-content\/uploads\/2025\/12\/illustration_seminaire-2.jpg\" class=\"attachment-large size-large wp-image-8791\" alt=\"\" srcset=\"https:\/\/intra-dev-2.excellis.org\/wp-content\/uploads\/2025\/12\/illustration_seminaire-2.jpg 480w, https:\/\/intra-dev-2.excellis.org\/wp-content\/uploads\/2025\/12\/illustration_seminaire-2-300x200.jpg 300w\" sizes=\"(max-width: 480px) 100vw, 480px\" \/>\t\t\t\t\t\t\t\t\t\t\t\t\t\t\t<\/div>\n\t\t\t\t<\/div>\n\t\t\t\t<\/div>\n\t\t\t\t<\/div>\n\t\t\t\t<\/div>\n\t\t\t\t<\/div>\n\t\t\t\t\t<\/div>\n\t\t\t\t<\/div>\n\t\t\t\t<\/div>\n\t\t","protected":false},"excerpt":{"rendered":"<p>Responsable du D\u00e9partement Maeva GARNIER Les \u00c9quipes ComLearn PCMD SYLDO Le D\u00e9partement Parole et Cognition\u00a0(DPC)\u00a0a pour objectif scientifique d\u2019\u00e9tudier et mod\u00e9liser les\u00a0signaux de parole, les\u00a0syst\u00e8mes physiques et cognitifs\u00a0qui les produisent et les per\u00e7oivent, les\u00a0syst\u00e8mes linguistiques\u00a0qui les organisent. Parall\u00e8lement, il d\u00e9veloppe \u00e9galement de\u00a0nouvelles technologies vocales. Le D\u00e9partement DPC\u00a0s\u2019appuie sur les comp\u00e9tences de ses chercheurs en\u00a0sciences du [&hellip;]<\/p>\n","protected":false},"author":2,"featured_media":0,"parent":6382,"menu_order":4,"comment_status":"closed","ping_status":"closed","template":"","meta":{"rs_blank_template":"","rs_page_bg_color":"","slide_template_v7":"","footnotes":""},"class_list":["post-8512","page","type-page","status-publish","hentry"],"lang":"fr","translations":{"fr":8512},"pll_sync_post":[],"_links":{"self":[{"href":"https:\/\/intra-dev-2.excellis.org\/index.php?rest_route=\/wp\/v2\/pages\/8512","targetHints":{"allow":["GET"]}}],"collection":[{"href":"https:\/\/intra-dev-2.excellis.org\/index.php?rest_route=\/wp\/v2\/pages"}],"about":[{"href":"https:\/\/intra-dev-2.excellis.org\/index.php?rest_route=\/wp\/v2\/types\/page"}],"author":[{"embeddable":true,"href":"https:\/\/intra-dev-2.excellis.org\/index.php?rest_route=\/wp\/v2\/users\/2"}],"replies":[{"embeddable":true,"href":"https:\/\/intra-dev-2.excellis.org\/index.php?rest_route=%2Fwp%2Fv2%2Fcomments&post=8512"}],"version-history":[{"count":97,"href":"https:\/\/intra-dev-2.excellis.org\/index.php?rest_route=\/wp\/v2\/pages\/8512\/revisions"}],"predecessor-version":[{"id":14138,"href":"https:\/\/intra-dev-2.excellis.org\/index.php?rest_route=\/wp\/v2\/pages\/8512\/revisions\/14138"}],"up":[{"embeddable":true,"href":"https:\/\/intra-dev-2.excellis.org\/index.php?rest_route=\/wp\/v2\/pages\/6382"}],"wp:attachment":[{"href":"https:\/\/intra-dev-2.excellis.org\/index.php?rest_route=%2Fwp%2Fv2%2Fmedia&parent=8512"}],"curies":[{"name":"wp","href":"https:\/\/api.w.org\/{rel}","templated":true}]}}