{"id":9098,"date":"2025-12-18T19:46:21","date_gmt":"2025-12-18T18:46:21","guid":{"rendered":"https:\/\/intra-dev-2.excellis.org\/?page_id=9098"},"modified":"2026-04-10T19:12:40","modified_gmt":"2026-04-10T17:12:40","slug":"service-financier","status":"publish","type":"page","link":"https:\/\/intra-dev-2.excellis.org\/?page_id=9098","title":{"rendered":"Service Financier"},"content":{"rendered":"\t\t<div data-elementor-type=\"wp-page\" data-elementor-id=\"9098\" class=\"elementor elementor-9098\" data-elementor-post-type=\"page\">\n\t\t\t\t<div class=\"elementor-element elementor-element-cbd54e9 e-flex e-con-boxed e-con e-parent\" data-id=\"cbd54e9\" data-element_type=\"container\" data-e-type=\"container\" data-settings=\"{&quot;background_background&quot;:&quot;classic&quot;}\">\n\t\t\t\t\t<div class=\"e-con-inner\">\n\t\t<div class=\"elementor-element elementor-element-a26ec7f e-con-full e-flex e-con e-child\" data-id=\"a26ec7f\" data-element_type=\"container\" data-e-type=\"container\" data-settings=\"{&quot;background_background&quot;:&quot;classic&quot;}\">\n\t\t<div class=\"elementor-element elementor-element-6461d6a e-con-full e-flex e-con e-child\" data-id=\"6461d6a\" data-element_type=\"container\" data-e-type=\"container\">\n\t\t<div class=\"elementor-element elementor-element-5b078ae e-con-full e-flex e-con e-child\" data-id=\"5b078ae\" data-element_type=\"container\" data-e-type=\"container\">\n\t\t\t\t<div class=\"elementor-element elementor-element-f8b2403 elementor-widget elementor-widget-heading\" data-id=\"f8b2403\" data-element_type=\"widget\" data-e-type=\"widget\" data-widget_type=\"heading.default\">\n\t\t\t\t\t<h2 class=\"elementor-heading-title elementor-size-default\">Responsable du Service<\/h2>\t\t\t\t<\/div>\n\t\t\t\t<div class=\"elementor-element elementor-element-fa1f3eb elementor-widget elementor-widget-image\" data-id=\"fa1f3eb\" data-element_type=\"widget\" data-e-type=\"widget\" data-widget_type=\"image.default\">\n\t\t\t\t\t\t\t\t\t\t\t\t\t\t\t<img fetchpriority=\"high\" decoding=\"async\" width=\"420\" height=\"420\" src=\"https:\/\/intra-dev-2.excellis.org\/wp-content\/uploads\/2025\/12\/Identite-non-diffusee-femme-v2.png\" class=\"attachment-large size-large wp-image-7232\" alt=\"\" srcset=\"https:\/\/intra-dev-2.excellis.org\/wp-content\/uploads\/2025\/12\/Identite-non-diffusee-femme-v2.png 420w, https:\/\/intra-dev-2.excellis.org\/wp-content\/uploads\/2025\/12\/Identite-non-diffusee-femme-v2-300x300.png 300w, https:\/\/intra-dev-2.excellis.org\/wp-content\/uploads\/2025\/12\/Identite-non-diffusee-femme-v2-150x150.png 150w\" sizes=\"(max-width: 420px) 100vw, 420px\" \/>\t\t\t\t\t\t\t\t\t\t\t\t\t\t\t<\/div>\n\t\t\t\t<div class=\"elementor-element elementor-element-5fc6c2b elementor-widget elementor-widget-heading\" data-id=\"5fc6c2b\" data-element_type=\"widget\" data-e-type=\"widget\" data-widget_type=\"heading.default\">\n\t\t\t\t\t<h2 class=\"elementor-heading-title elementor-size-default\">Maya Nigro<\/h2>\t\t\t\t<\/div>\n\t\t\t\t<\/div>\n\t\t\t\t<div class=\"elementor-element elementor-element-0a2d6ae elementor-widget-divider--view-line elementor-widget elementor-widget-divider\" data-id=\"0a2d6ae\" data-element_type=\"widget\" data-e-type=\"widget\" data-widget_type=\"divider.default\">\n\t\t\t\t\t\t\t<div class=\"elementor-divider\">\n\t\t\t<span class=\"elementor-divider-separator\">\n\t\t\t\t\t\t<\/span>\n\t\t<\/div>\n\t\t\t\t\t\t<\/div>\n\t\t\t\t<div class=\"elementor-element elementor-element-8cf678b elementor-widget elementor-widget-heading\" data-id=\"8cf678b\" data-element_type=\"widget\" data-e-type=\"widget\" data-widget_type=\"heading.default\">\n\t\t\t\t\t<h2 class=\"elementor-heading-title elementor-size-default\">Membres de l'\u00c9quipe<\/h2>\t\t\t\t<\/div>\n\t\t\t\t<div class=\"elementor-element elementor-element-18f84b7 elementor-icon-list--layout-traditional elementor-list-item-link-full_width elementor-widget elementor-widget-icon-list\" data-id=\"18f84b7\" data-element_type=\"widget\" data-e-type=\"widget\" data-widget_type=\"icon-list.default\">\n\t\t\t\t\t\t\t<ul class=\"elementor-icon-list-items\">\n\t\t\t\t\t\t\t<li class=\"elementor-icon-list-item\">\n\t\t\t\t\t\t\t\t\t\t\t<a href=\"#\">\n\n\t\t\t\t\t\t\t\t\t\t\t<span class=\"elementor-icon-list-text\">ALFRED Nathalie <\/span>\n\t\t\t\t\t\t\t\t\t\t\t<\/a>\n\t\t\t\t\t\t\t\t\t<\/li>\n\t\t\t\t\t\t\t\t<li class=\"elementor-icon-list-item\">\n\t\t\t\t\t\t\t\t\t\t\t<a href=\"#\">\n\n\t\t\t\t\t\t\t\t\t\t\t<span class=\"elementor-icon-list-text\">ARIBI Sophia<\/span>\n\t\t\t\t\t\t\t\t\t\t\t<\/a>\n\t\t\t\t\t\t\t\t\t<\/li>\n\t\t\t\t\t\t\t\t<li class=\"elementor-icon-list-item\">\n\t\t\t\t\t\t\t\t\t\t\t<a href=\"#\">\n\n\t\t\t\t\t\t\t\t\t\t\t<span class=\"elementor-icon-list-text\">DI MARIA Ma\u00eblle<\/span>\n\t\t\t\t\t\t\t\t\t\t\t<\/a>\n\t\t\t\t\t\t\t\t\t<\/li>\n\t\t\t\t\t\t\t\t<li class=\"elementor-icon-list-item\">\n\t\t\t\t\t\t\t\t\t\t\t<a href=\"#\">\n\n\t\t\t\t\t\t\t\t\t\t\t<span class=\"elementor-icon-list-text\">DI MARIA Marielle<\/span>\n\t\t\t\t\t\t\t\t\t\t\t<\/a>\n\t\t\t\t\t\t\t\t\t<\/li>\n\t\t\t\t\t\t\t\t<li class=\"elementor-icon-list-item\">\n\t\t\t\t\t\t\t\t\t\t\t<a href=\"#\">\n\n\t\t\t\t\t\t\t\t\t\t\t<span class=\"elementor-icon-list-text\">MEYRAND Carole <\/span>\n\t\t\t\t\t\t\t\t\t\t\t<\/a>\n\t\t\t\t\t\t\t\t\t<\/li>\n\t\t\t\t\t\t\t\t<li class=\"elementor-icon-list-item\">\n\t\t\t\t\t\t\t\t\t\t\t<a href=\"#\">\n\n\t\t\t\t\t\t\t\t\t\t\t<span class=\"elementor-icon-list-text\">NIGRO Maya <\/span>\n\t\t\t\t\t\t\t\t\t\t\t<\/a>\n\t\t\t\t\t\t\t\t\t<\/li>\n\t\t\t\t\t\t\t\t<li class=\"elementor-icon-list-item\">\n\t\t\t\t\t\t\t\t\t\t\t<a href=\"#\">\n\n\t\t\t\t\t\t\t\t\t\t\t<span class=\"elementor-icon-list-text\">NOGUEIRA Sonia<\/span>\n\t\t\t\t\t\t\t\t\t\t\t<\/a>\n\t\t\t\t\t\t\t\t\t<\/li>\n\t\t\t\t\t\t<\/ul>\n\t\t\t\t\t\t<\/div>\n\t\t<div class=\"elementor-element elementor-element-f170f57 e-con-full e-flex e-con e-child\" data-id=\"f170f57\" data-element_type=\"container\" data-e-type=\"container\" data-settings=\"{&quot;background_background&quot;:&quot;classic&quot;}\">\n\t\t\t\t<div class=\"elementor-element elementor-element-311c34b elementor-widget elementor-widget-heading\" data-id=\"311c34b\" data-element_type=\"widget\" data-e-type=\"widget\" data-widget_type=\"heading.default\">\n\t\t\t\t\t<h2 class=\"elementor-heading-title elementor-size-default\">Contact(s)<\/h2>\t\t\t\t<\/div>\n\t\t\t\t<div class=\"elementor-element elementor-element-7c152f7 elementor-widget elementor-widget-heading\" data-id=\"7c152f7\" data-element_type=\"widget\" data-e-type=\"widget\" data-widget_type=\"heading.default\">\n\t\t\t\t\t<h3 class=\"elementor-heading-title elementor-size-default\">Service Financier<\/h3>\t\t\t\t<\/div>\n\t\t\t\t<div class=\"elementor-element elementor-element-e0b4b3f elementor-align-center elementor-widget elementor-widget-button\" data-id=\"e0b4b3f\" data-element_type=\"widget\" data-e-type=\"widget\" data-widget_type=\"button.default\">\n\t\t\t\t\t\t\t\t\t\t<a class=\"elementor-button elementor-button-link elementor-size-sm\" href=\"mailto:gestion@gipsa-lab.grenoble-inp.fr\">\n\t\t\t\t\t\t<span class=\"elementor-button-content-wrapper\">\n\t\t\t\t\t\t<span class=\"elementor-button-icon\">\n\t\t\t\t<svg aria-hidden=\"true\" class=\"e-font-icon-svg e-fas-mail-bulk\" viewBox=\"0 0 576 512\" xmlns=\"http:\/\/www.w3.org\/2000\/svg\"><path d=\"M160 448c-25.6 0-51.2-22.4-64-32-64-44.8-83.2-60.8-96-70.4V480c0 17.67 14.33 32 32 32h256c17.67 0 32-14.33 32-32V345.6c-12.8 9.6-32 25.6-96 70.4-12.8 9.6-38.4 32-64 32zm128-192H32c-17.67 0-32 14.33-32 32v16c25.6 19.2 22.4 19.2 115.2 86.4 9.6 6.4 28.8 25.6 44.8 25.6s35.2-19.2 44.8-22.4c92.8-67.2 89.6-67.2 115.2-86.4V288c0-17.67-14.33-32-32-32zm256-96H224c-17.67 0-32 14.33-32 32v32h96c33.21 0 60.59 25.42 63.71 57.82l.29-.22V416h192c17.67 0 32-14.33 32-32V192c0-17.67-14.33-32-32-32zm-32 128h-64v-64h64v64zm-352-96c0-35.29 28.71-64 64-64h224V32c0-17.67-14.33-32-32-32H96C78.33 0 64 14.33 64 32v192h96v-32z\"><\/path><\/svg>\t\t\t<\/span>\n\t\t\t\t\t\t\t\t\t<span class=\"elementor-button-text\">Contacter par courriel<\/span>\n\t\t\t\t\t<\/span>\n\t\t\t\t\t<\/a>\n\t\t\t\t\t\t\t\t<\/div>\n\t\t\t\t<\/div>\n\t\t\t\t<\/div>\n\t\t<div class=\"elementor-element elementor-element-b572c7c e-con-full e-flex e-con e-child\" data-id=\"b572c7c\" data-element_type=\"container\" data-e-type=\"container\">\n\t\t<div class=\"elementor-element elementor-element-8ece245 e-con-full e-flex e-con e-child\" data-id=\"8ece245\" data-element_type=\"container\" data-e-type=\"container\">\n\t\t<div class=\"elementor-element elementor-element-f711917 e-con-full e-flex e-con e-child\" data-id=\"f711917\" data-element_type=\"container\" data-e-type=\"container\">\n\t\t\t\t<div class=\"elementor-element elementor-element-49674c9 elementor-drop-cap-yes elementor-drop-cap-view-default elementor-widget elementor-widget-text-editor\" data-id=\"49674c9\" data-element_type=\"widget\" data-e-type=\"widget\" data-settings=\"{&quot;drop_cap&quot;:&quot;yes&quot;}\" data-widget_type=\"text-editor.default\">\n\t\t\t\t\t\t\t\t\t<p>Le\u00a0<strong>Service Financier<\/strong>\u00a0<span style=\"letter-spacing: 0px;\">du\u00a0<\/span><a style=\"letter-spacing: 0px; background-color: #ffffff;\" title=\"P\u00f4le Administratif et Financier\" href=\"https:\/\/intranet.gipsa-lab.grenoble-inp.fr\/pole\/pole-administratif-et-financier\" data-entity-type=\"node\" data-entity-uuid=\"ffdf71f7-90ec-4eb8-9a7c-b588faadcb6c\" data-entity-substitution=\"canonical\"><span style=\"font-weight: bolder;\">P\u00f4le Administratif et Financier<\/span><\/a>\u00a0<span style=\"letter-spacing: 0px;\">a pour mission d&rsquo;assister le directeur dans la gestion budg\u00e9taire du laboratoire.<\/span><\/p><p>Il contribue \u00e0 l&rsquo;\u00e9laboration et au suivi des financements en lien avec le CNRS, Grenoble INP, l&rsquo;UGA, FLORALIS et l&rsquo;IESA, et des budgets sp\u00e9cifiques li\u00e9s \u00e0 diff\u00e9rents contrats ou \u00e9v\u00e8nements.<\/p><p>\u00a0<\/p>\t\t\t\t\t\t\t\t<\/div>\n\t\t\t\t<div class=\"elementor-element elementor-element-37c4415 elementor-widget elementor-widget-ova_heading\" data-id=\"37c4415\" data-element_type=\"widget\" data-e-type=\"widget\" data-widget_type=\"ova_heading.default\">\n\t\t\t\t<div class=\"elementor-widget-container\">\n\t\t\t\t\t\t\t<div class=\"ova-heading\">\n\t\t\t\n\t\t\t\t\t\t\t<h3 class=\"title second_font\">Missions Principales<\/h3>\n\t\t\t\n\t\t\t\n\t\t<\/div>\n\t\t\t\t\t\t<\/div>\n\t\t\t\t<\/div>\n\t\t\t\t<\/div>\n\t\t<div class=\"elementor-element elementor-element-4669f0c e-con-full e-flex e-con e-child\" data-id=\"4669f0c\" data-element_type=\"container\" data-e-type=\"container\">\n\t\t\t\t<div class=\"elementor-element elementor-element-acdc591 elementor-widget elementor-widget-image\" data-id=\"acdc591\" data-element_type=\"widget\" data-e-type=\"widget\" data-widget_type=\"image.default\">\n\t\t\t\t\t\t\t\t\t\t\t\t<figure class=\"wp-caption\">\n\t\t\t\t\t\t\t\t\t\t<img decoding=\"async\" width=\"1024\" height=\"1007\" src=\"https:\/\/intra-dev-2.excellis.org\/wp-content\/uploads\/2025\/12\/Service-Financier-1024x1007.png\" class=\"attachment-large size-large wp-image-9103\" alt=\"\" srcset=\"https:\/\/intra-dev-2.excellis.org\/wp-content\/uploads\/2025\/12\/Service-Financier-1024x1007.png 1024w, https:\/\/intra-dev-2.excellis.org\/wp-content\/uploads\/2025\/12\/Service-Financier-300x295.png 300w, https:\/\/intra-dev-2.excellis.org\/wp-content\/uploads\/2025\/12\/Service-Financier-768x755.png 768w, https:\/\/intra-dev-2.excellis.org\/wp-content\/uploads\/2025\/12\/Service-Financier-600x590.png 600w, https:\/\/intra-dev-2.excellis.org\/wp-content\/uploads\/2025\/12\/Service-Financier-560x551.png 560w, https:\/\/intra-dev-2.excellis.org\/wp-content\/uploads\/2025\/12\/Service-Financier.png 1062w\" sizes=\"(max-width: 1024px) 100vw, 1024px\" \/>\t\t\t\t\t\t\t\t\t\t\t<figcaption class=\"widget-image-caption wp-caption-text\">Cr\u00e9dit photo \u00a9 GIPSA-lab<\/figcaption>\n\t\t\t\t\t\t\t\t\t\t<\/figure>\n\t\t\t\t\t\t\t\t\t<\/div>\n\t\t\t\t<\/div>\n\t\t\t\t<\/div>\n\t\t<div class=\"elementor-element elementor-element-64d9889 e-con-full e-flex e-con e-child\" data-id=\"64d9889\" data-element_type=\"container\" data-e-type=\"container\">\n\t\t<div class=\"elementor-element elementor-element-daeee4a e-con-full e-flex e-con e-child\" data-id=\"daeee4a\" data-element_type=\"container\" data-e-type=\"container\">\n\t\t<div class=\"elementor-element elementor-element-b6997d8 e-con-full e-flex e-con e-child\" data-id=\"b6997d8\" data-element_type=\"container\" data-e-type=\"container\">\n\t\t\t\t<div class=\"elementor-element elementor-element-a23e466 elementor-widget elementor-widget-image\" data-id=\"a23e466\" data-element_type=\"widget\" data-e-type=\"widget\" data-widget_type=\"image.default\">\n\t\t\t\t\t\t\t\t\t\t\t\t\t\t\t<img decoding=\"async\" width=\"480\" height=\"60\" src=\"https:\/\/intra-dev-2.excellis.org\/wp-content\/uploads\/2025\/12\/Aide-au-Pilotage.png\" class=\"attachment-large size-large wp-image-9131\" alt=\"\" srcset=\"https:\/\/intra-dev-2.excellis.org\/wp-content\/uploads\/2025\/12\/Aide-au-Pilotage.png 480w, https:\/\/intra-dev-2.excellis.org\/wp-content\/uploads\/2025\/12\/Aide-au-Pilotage-300x38.png 300w\" sizes=\"(max-width: 480px) 100vw, 480px\" \/>\t\t\t\t\t\t\t\t\t\t\t\t\t\t\t<\/div>\n\t\t\t\t<div class=\"elementor-element elementor-element-f704531 elementor-widget elementor-widget-ova_list_checked\" data-id=\"f704531\" data-element_type=\"widget\" data-e-type=\"widget\" data-widget_type=\"ova_list_checked.default\">\n\t\t\t\t<div class=\"elementor-widget-container\">\n\t\t\t\t\t\t\t\n\t\t<div class=\"ova_list_checked\" >\n\t\t\t\t\t\t\t<ul>\n\t\t\t\t\t\t\t\t\t<li class=\"item\">\n\t\t\t\t\t\t<i data-feather=\"check-circle\"><\/i>\n\t\t\t\t\t\t<span>Assister le Directeur pour le pilotage du laboratoire<\/span>\n\t\t\t\t\t<\/li>\n\t\t\t\t\t\t\t\t\t<li class=\"item\">\n\t\t\t\t\t\t<i data-feather=\"check-circle\"><\/i>\n\t\t\t\t\t\t<span>Mettre en place des tableaux de bord avec des indicateurs de consommation au niveau du laboratoire et par \u00e9tablissement de gestion \u00e0 destination de la direction et des chefs d\u2019\u00e9quipe<\/span>\n\t\t\t\t\t<\/li>\n\t\t\t\t\t\t\t\t\t<li class=\"item\">\n\t\t\t\t\t\t<i data-feather=\"check-circle\"><\/i>\n\t\t\t\t\t\t<span>Elaborer des historiques destin\u00e9s aux responsables d\u2019\u00e9quipes pour une aide \u00e0 la pr\u00e9vision de leurs activit\u00e9s scientifiques<\/span>\n\t\t\t\t\t<\/li>\n\t\t\t\t\t\t\t\t\t<li class=\"item\">\n\t\t\t\t\t\t<i data-feather=\"check-circle\"><\/i>\n\t\t\t\t\t\t<span>Rendre compte de l\u2019activit\u00e9 du service.<\/span>\n\t\t\t\t\t<\/li>\n\t\t\t\t\t\t\t\t<\/ul>\n\t\t\t\n\t\t<\/div>\n\n\t\t\t\t\t\t<\/div>\n\t\t\t\t<\/div>\n\t\t\t\t<\/div>\n\t\t<div class=\"elementor-element elementor-element-8faf195 e-con-full e-flex e-con e-child\" data-id=\"8faf195\" data-element_type=\"container\" data-e-type=\"container\">\n\t\t\t\t<div class=\"elementor-element elementor-element-7c096fe elementor-widget elementor-widget-image\" data-id=\"7c096fe\" data-element_type=\"widget\" data-e-type=\"widget\" data-widget_type=\"image.default\">\n\t\t\t\t\t\t\t\t\t\t\t\t\t\t\t<img loading=\"lazy\" decoding=\"async\" width=\"480\" height=\"60\" src=\"https:\/\/intra-dev-2.excellis.org\/wp-content\/uploads\/2025\/12\/Elaborer-budget.png\" class=\"attachment-large size-large wp-image-9135\" alt=\"\" srcset=\"https:\/\/intra-dev-2.excellis.org\/wp-content\/uploads\/2025\/12\/Elaborer-budget.png 480w, https:\/\/intra-dev-2.excellis.org\/wp-content\/uploads\/2025\/12\/Elaborer-budget-300x38.png 300w\" sizes=\"(max-width: 480px) 100vw, 480px\" \/>\t\t\t\t\t\t\t\t\t\t\t\t\t\t\t<\/div>\n\t\t\t\t<div class=\"elementor-element elementor-element-7f3f107 elementor-widget elementor-widget-ova_list_checked\" data-id=\"7f3f107\" data-element_type=\"widget\" data-e-type=\"widget\" data-widget_type=\"ova_list_checked.default\">\n\t\t\t\t<div class=\"elementor-widget-container\">\n\t\t\t\t\t\t\t\n\t\t<div class=\"ova_list_checked\" >\n\t\t\t\t\t\t\t<ul>\n\t\t\t\t\t\t\t\t\t<li class=\"item\">\n\t\t\t\t\t\t<i data-feather=\"check-circle\"><\/i>\n\t\t\t\t\t\t<span>\u00c9laborer les budgets pr\u00e9visionnels<\/span>\n\t\t\t\t\t<\/li>\n\t\t\t\t\t\t\t\t\t<li class=\"item\">\n\t\t\t\t\t\t<i data-feather=\"check-circle\"><\/i>\n\t\t\t\t\t\t<span>Organiser et contr\u00f4ler leurs ex\u00e9cutions<\/span>\n\t\t\t\t\t<\/li>\n\t\t\t\t\t\t\t\t\t<li class=\"item\">\n\t\t\t\t\t\t<i data-feather=\"check-circle\"><\/i>\n\t\t\t\t\t\t<span>Faire le suivi des recettes et des d\u00e9penses des 5 \u00e9tablissements de gestions (CNRS, INP, UGA, FLORALIS, IESA)<\/span>\n\t\t\t\t\t<\/li>\n\t\t\t\t\t\t\t\t\t<li class=\"item\">\n\t\t\t\t\t\t<i data-feather=\"check-circle\"><\/i>\n\t\t\t\t\t\t<span>Pr\u00e9senter et ex\u00e9cuter le budget de fonctionnement g\u00e9n\u00e9ral du laboratoire qui regroupe l\u2019ensemble des d\u00e9penses mutualis\u00e9es<\/span>\n\t\t\t\t\t<\/li>\n\t\t\t\t\t\t\t\t\t<li class=\"item\">\n\t\t\t\t\t\t<i data-feather=\"check-circle\"><\/i>\n\t\t\t\t\t\t<span>Elaborer et ex\u00e9cuter les d\u00e9cisions modificatives.<\/span>\n\t\t\t\t\t<\/li>\n\t\t\t\t\t\t\t\t<\/ul>\n\t\t\t\n\t\t<\/div>\n\n\t\t\t\t\t\t<\/div>\n\t\t\t\t<\/div>\n\t\t\t\t<\/div>\n\t\t\t\t<\/div>\n\t\t<div class=\"elementor-element elementor-element-f4ca926 e-con-full e-flex e-con e-child\" data-id=\"f4ca926\" data-element_type=\"container\" data-e-type=\"container\">\n\t\t<div class=\"elementor-element elementor-element-b24d481 e-con-full e-flex e-con e-child\" data-id=\"b24d481\" data-element_type=\"container\" data-e-type=\"container\">\n\t\t\t\t<div class=\"elementor-element elementor-element-d9dbdf5 elementor-widget elementor-widget-image\" data-id=\"d9dbdf5\" data-element_type=\"widget\" data-e-type=\"widget\" data-widget_type=\"image.default\">\n\t\t\t\t\t\t\t\t\t\t\t\t\t\t\t<img loading=\"lazy\" decoding=\"async\" width=\"480\" height=\"60\" src=\"https:\/\/intra-dev-2.excellis.org\/wp-content\/uploads\/2025\/12\/Effectuer-de-la-Gestion-Courante.png\" class=\"attachment-large size-large wp-image-9139\" alt=\"\" srcset=\"https:\/\/intra-dev-2.excellis.org\/wp-content\/uploads\/2025\/12\/Effectuer-de-la-Gestion-Courante.png 480w, https:\/\/intra-dev-2.excellis.org\/wp-content\/uploads\/2025\/12\/Effectuer-de-la-Gestion-Courante-300x38.png 300w\" sizes=\"(max-width: 480px) 100vw, 480px\" \/>\t\t\t\t\t\t\t\t\t\t\t\t\t\t\t<\/div>\n\t\t\t\t<div class=\"elementor-element elementor-element-e44a2f6 elementor-widget elementor-widget-ova_list_checked\" data-id=\"e44a2f6\" data-element_type=\"widget\" data-e-type=\"widget\" data-widget_type=\"ova_list_checked.default\">\n\t\t\t\t<div class=\"elementor-widget-container\">\n\t\t\t\t\t\t\t\n\t\t<div class=\"ova_list_checked\" >\n\t\t\t\t\t\t\t<ul>\n\t\t\t\t\t\t\t\t\t<li class=\"item\">\n\t\t\t\t\t\t<i data-feather=\"check-circle\"><\/i>\n\t\t\t\t\t\t<span>Engager et liquider les missions et factures des 5 \u00e9tablissements de rattachements<\/span>\n\t\t\t\t\t<\/li>\n\t\t\t\t\t\t\t\t\t<li class=\"item\">\n\t\t\t\t\t\t<i data-feather=\"check-circle\"><\/i>\n\t\t\t\t\t\t<span>Int\u00e9grer ces donn\u00e9es sur l&#039;application Geslab qui centralise l\u2019ensemble des donn\u00e9es financi\u00e8res<\/span>\n\t\t\t\t\t<\/li>\n\t\t\t\t\t\t\t\t\t<li class=\"item\">\n\t\t\t\t\t\t<i data-feather=\"check-circle\"><\/i>\n\t\t\t\t\t\t<span>Informer et communiquer \u00e0 l\u2019ensemble des personnels les r\u00e9glementations et proc\u00e9dures financi\u00e8res en cours<\/span>\n\t\t\t\t\t<\/li>\n\t\t\t\t\t\t\t\t\t<li class=\"item\">\n\t\t\t\t\t\t<i data-feather=\"check-circle\"><\/i>\n\t\t\t\t\t\t<span>Mettre en place une documentation de r\u00e9f\u00e9rence.<\/span>\n\t\t\t\t\t<\/li>\n\t\t\t\t\t\t\t\t<\/ul>\n\t\t\t\n\t\t<\/div>\n\n\t\t\t\t\t\t<\/div>\n\t\t\t\t<\/div>\n\t\t\t\t<\/div>\n\t\t<div class=\"elementor-element elementor-element-6fd2d4d e-con-full e-flex e-con e-child\" data-id=\"6fd2d4d\" data-element_type=\"container\" data-e-type=\"container\">\n\t\t\t\t<div class=\"elementor-element elementor-element-f45af86 elementor-widget elementor-widget-image\" data-id=\"f45af86\" data-element_type=\"widget\" data-e-type=\"widget\" data-widget_type=\"image.default\">\n\t\t\t\t\t\t\t\t\t\t\t\t\t\t\t<img loading=\"lazy\" decoding=\"async\" width=\"480\" height=\"60\" src=\"https:\/\/intra-dev-2.excellis.org\/wp-content\/uploads\/2025\/12\/Aider-au-montage-des-contrats.png\" class=\"attachment-large size-large wp-image-9144\" alt=\"\" srcset=\"https:\/\/intra-dev-2.excellis.org\/wp-content\/uploads\/2025\/12\/Aider-au-montage-des-contrats.png 480w, https:\/\/intra-dev-2.excellis.org\/wp-content\/uploads\/2025\/12\/Aider-au-montage-des-contrats-300x38.png 300w\" sizes=\"(max-width: 480px) 100vw, 480px\" \/>\t\t\t\t\t\t\t\t\t\t\t\t\t\t\t<\/div>\n\t\t\t\t<div class=\"elementor-element elementor-element-a968728 elementor-widget elementor-widget-ova_list_checked\" data-id=\"a968728\" data-element_type=\"widget\" data-e-type=\"widget\" data-widget_type=\"ova_list_checked.default\">\n\t\t\t\t<div class=\"elementor-widget-container\">\n\t\t\t\t\t\t\t\n\t\t<div class=\"ova_list_checked\" >\n\t\t\t\t\t\t\t<ul>\n\t\t\t\t\t\t\t\t\t<li class=\"item\">\n\t\t\t\t\t\t<i data-feather=\"check-circle\"><\/i>\n\t\t\t\t\t\t<span>Aider au montage des contrats ANR, r\u00e9gionaux, europ\u00e9ens ou industriels<\/span>\n\t\t\t\t\t<\/li>\n\t\t\t\t\t\t\t\t\t<li class=\"item\">\n\t\t\t\t\t\t<i data-feather=\"check-circle\"><\/i>\n\t\t\t\t\t\t<span>Etablir les bilans financiers<\/span>\n\t\t\t\t\t<\/li>\n\t\t\t\t\t\t\t\t\t<li class=\"item\">\n\t\t\t\t\t\t<i data-feather=\"check-circle\"><\/i>\n\t\t\t\t\t\t<span>Analyser les d\u00e9penses.<\/span>\n\t\t\t\t\t<\/li>\n\t\t\t\t\t\t\t\t<\/ul>\n\t\t\t\n\t\t<\/div>\n\n\t\t\t\t\t\t<\/div>\n\t\t\t\t<\/div>\n\t\t\t\t<\/div>\n\t\t\t\t<\/div>\n\t\t<div class=\"elementor-element elementor-element-73234d1 e-con-full e-flex e-con e-child\" data-id=\"73234d1\" data-element_type=\"container\" data-e-type=\"container\">\n\t\t<div class=\"elementor-element elementor-element-5a4d430 e-con-full e-flex e-con e-child\" data-id=\"5a4d430\" data-element_type=\"container\" data-e-type=\"container\">\n\t\t\t\t<div class=\"elementor-element elementor-element-9f40dc4 elementor-widget elementor-widget-image\" data-id=\"9f40dc4\" data-element_type=\"widget\" data-e-type=\"widget\" data-widget_type=\"image.default\">\n\t\t\t\t\t\t\t\t\t\t\t\t\t\t\t<img loading=\"lazy\" decoding=\"async\" width=\"480\" height=\"60\" src=\"https:\/\/intra-dev-2.excellis.org\/wp-content\/uploads\/2025\/12\/Gerer-des-manifestations-scientifiques.png\" class=\"attachment-large size-large wp-image-9145\" alt=\"\" srcset=\"https:\/\/intra-dev-2.excellis.org\/wp-content\/uploads\/2025\/12\/Gerer-des-manifestations-scientifiques.png 480w, https:\/\/intra-dev-2.excellis.org\/wp-content\/uploads\/2025\/12\/Gerer-des-manifestations-scientifiques-300x38.png 300w\" sizes=\"(max-width: 480px) 100vw, 480px\" \/>\t\t\t\t\t\t\t\t\t\t\t\t\t\t\t<\/div>\n\t\t\t\t<div class=\"elementor-element elementor-element-cab1691 elementor-widget elementor-widget-ova_list_checked\" data-id=\"cab1691\" data-element_type=\"widget\" data-e-type=\"widget\" data-widget_type=\"ova_list_checked.default\">\n\t\t\t\t<div class=\"elementor-widget-container\">\n\t\t\t\t\t\t\t\n\t\t<div class=\"ova_list_checked\" >\n\t\t\t\t\t\t\t<ul>\n\t\t\t\t\t\t\t\t\t<li class=\"item\">\n\t\t\t\t\t\t<i data-feather=\"check-circle\"><\/i>\n\t\t\t\t\t\t<span>\u00c9laborer les budgets pr\u00e9visionnels<\/span>\n\t\t\t\t\t<\/li>\n\t\t\t\t\t\t\t\t\t<li class=\"item\">\n\t\t\t\t\t\t<i data-feather=\"check-circle\"><\/i>\n\t\t\t\t\t\t<span>Assurer le suivi financier<\/span>\n\t\t\t\t\t<\/li>\n\t\t\t\t\t\t\t\t\t<li class=\"item\">\n\t\t\t\t\t\t<i data-feather=\"check-circle\"><\/i>\n\t\t\t\t\t\t<span>Produire les bilans financiers.<\/span>\n\t\t\t\t\t<\/li>\n\t\t\t\t\t\t\t\t<\/ul>\n\t\t\t\n\t\t<\/div>\n\n\t\t\t\t\t\t<\/div>\n\t\t\t\t<\/div>\n\t\t\t\t<\/div>\n\t\t\t\t<\/div>\n\t\t\t\t<\/div>\n\t\t\t\t<\/div>\n\t\t\t\t<\/div>\n\t\t\t\t\t<\/div>\n\t\t\t\t<\/div>\n\t\t\t\t<\/div>\n\t\t","protected":false},"excerpt":{"rendered":"<p>Responsable du Service Maya Nigro Membres de l&rsquo;\u00c9quipe ALFRED Nathalie ARIBI Sophia DI MARIA Ma\u00eblle DI MARIA Marielle MEYRAND Carole NIGRO Maya NOGUEIRA Sonia Contact(s) Service Financier Contacter par courriel Le\u00a0Service Financier\u00a0du\u00a0P\u00f4le Administratif et Financier\u00a0a pour mission d&rsquo;assister le directeur dans la gestion budg\u00e9taire du laboratoire. Il contribue \u00e0 l&rsquo;\u00e9laboration et au suivi des financements [&hellip;]<\/p>\n","protected":false},"author":2,"featured_media":0,"parent":7230,"menu_order":1,"comment_status":"closed","ping_status":"closed","template":"","meta":{"rs_blank_template":"","rs_page_bg_color":"","slide_template_v7":"","footnotes":""},"class_list":["post-9098","page","type-page","status-publish","hentry"],"lang":"fr","translations":{"fr":9098},"pll_sync_post":[],"_links":{"self":[{"href":"https:\/\/intra-dev-2.excellis.org\/index.php?rest_route=\/wp\/v2\/pages\/9098","targetHints":{"allow":["GET"]}}],"collection":[{"href":"https:\/\/intra-dev-2.excellis.org\/index.php?rest_route=\/wp\/v2\/pages"}],"about":[{"href":"https:\/\/intra-dev-2.excellis.org\/index.php?rest_route=\/wp\/v2\/types\/page"}],"author":[{"embeddable":true,"href":"https:\/\/intra-dev-2.excellis.org\/index.php?rest_route=\/wp\/v2\/users\/2"}],"replies":[{"embeddable":true,"href":"https:\/\/intra-dev-2.excellis.org\/index.php?rest_route=%2Fwp%2Fv2%2Fcomments&post=9098"}],"version-history":[{"count":67,"href":"https:\/\/intra-dev-2.excellis.org\/index.php?rest_route=\/wp\/v2\/pages\/9098\/revisions"}],"predecessor-version":[{"id":14981,"href":"https:\/\/intra-dev-2.excellis.org\/index.php?rest_route=\/wp\/v2\/pages\/9098\/revisions\/14981"}],"up":[{"embeddable":true,"href":"https:\/\/intra-dev-2.excellis.org\/index.php?rest_route=\/wp\/v2\/pages\/7230"}],"wp:attachment":[{"href":"https:\/\/intra-dev-2.excellis.org\/index.php?rest_route=%2Fwp%2Fv2%2Fmedia&parent=9098"}],"curies":[{"name":"wp","href":"https:\/\/api.w.org\/{rel}","templated":true}]}}